{"id":644,"date":"2024-06-04T12:08:41","date_gmt":"2024-06-04T12:08:41","guid":{"rendered":"https:\/\/olasernekeab.se\/?page_id=644"},"modified":"2025-04-15T12:10:22","modified_gmt":"2025-04-15T12:10:22","slug":"om-bolaget","status":"publish","type":"page","link":"https:\/\/olasernekeab.se\/?page_id=644","title":{"rendered":"Om Koncernen\u00a0"},"content":{"rendered":"<p>[et_pb_section fb_built=&#8221;1&#8243; fullwidth=&#8221;on&#8221; _builder_version=&#8221;4.25.1&#8243; _module_preset=&#8221;default&#8221; custom_margin=&#8221;-84px||||false|false&#8221; global_colors_info=&#8221;{}&#8221;][et_pb_fullwidth_header text_orientation=&#8221;center&#8221; _builder_version=&#8221;4.25.1&#8243; _module_preset=&#8221;default&#8221; title_font=&#8221;Lexend|600|||||||&#8221; title_font_size=&#8221;42px&#8221; content_font=&#8221;Lexend|&#8211;et_global_body_font_weight|||||||&#8221; content_font_size=&#8221;18px&#8221; background_color=&#8221;RGBA(255,255,255,0)&#8221; use_background_color_gradient=&#8221;on&#8221; background_color_gradient_stops=&#8221;rgba(1,25,56,0.67) 0%|rgba(20,67,103,0.29) 99%&#8221; background_color_gradient_overlays_image=&#8221;on&#8221; background_image=&#8221;https:\/\/olasernekeab.se\/wp-content\/uploads\/2025\/04\/00359-scaled.jpg&#8221; min_height=&#8221;450px&#8221; height=&#8221;450px&#8221; max_height=&#8221;450px&#8221; custom_padding=&#8221;123px||123px||true|false&#8221; custom_padding_tablet=&#8221;|0px||0px|true|false&#8221; custom_padding_phone=&#8221;|0px||0px|true|false&#8221; custom_padding_last_edited=&#8221;on|phone&#8221; global_colors_info=&#8221;{}&#8221;][\/et_pb_fullwidth_header][\/et_pb_section][et_pb_section fb_built=&#8221;1&#8243; custom_padding_last_edited=&#8221;on|desktop&#8221; _builder_version=&#8221;4.25.1&#8243; _module_preset=&#8221;default&#8221; background_color=&#8221;#FFFFFF&#8221; custom_padding=&#8221;44px||44px||true|false&#8221; custom_padding_tablet=&#8221;3px||3px||true|false&#8221; custom_padding_phone=&#8221;22px||22px||true|false&#8221; global_colors_info=&#8221;{}&#8221;][et_pb_row custom_padding_last_edited=&#8221;on|phone&#8221; _builder_version=&#8221;4.25.1&#8243; _module_preset=&#8221;default&#8221; width=&#8221;65%&#8221; width_tablet=&#8221;90%&#8221; width_phone=&#8221;90%&#8221; width_last_edited=&#8221;on|tablet&#8221; custom_margin_tablet=&#8221;&#8221; custom_margin_phone=&#8221;0px||||false|false&#8221; custom_margin_last_edited=&#8221;on|phone&#8221; custom_padding_tablet=&#8221;&#8221; custom_padding_phone=&#8221;0px||||false|false&#8221; global_colors_info=&#8221;{}&#8221;][et_pb_column type=&#8221;4_4&#8243; _builder_version=&#8221;4.25.1&#8243; _module_preset=&#8221;default&#8221; global_colors_info=&#8221;{}&#8221;][et_pb_text _builder_version=&#8221;4.25.1&#8243; _module_preset=&#8221;f65ba2f1-d270-42a4-8b75-2746780cbd66&#8243; custom_margin_phone=&#8221;||4px||false|false&#8221; global_colors_info=&#8221;{}&#8221;]<\/p>\n<h1 style=\"text-align: center;\">Om Ola Serneke AB<\/h1>\n<p>[\/et_pb_text][et_pb_text _builder_version=&#8221;4.25.1&#8243; _module_preset=&#8221;default&#8221; text_font=&#8221;&#8211;et_global_body_font|&#8211;et_global_body_font_weight|||||||&#8221; text_text_color=&#8221;#2F2F30&#8243; text_font_size=&#8221;17px&#8221; text_line_height=&#8221;1.6em&#8221; text_orientation=&#8221;center&#8221; custom_margin=&#8221;-6px|||||&#8221; custom_margin_tablet=&#8221;-6px|||||&#8221; custom_margin_phone=&#8221;-6px|||||&#8221; custom_padding=&#8221;0px|10%|0px|10%|false|true&#8221; custom_padding_tablet=&#8221;0px|10%|0px|10%|false|true&#8221; custom_padding_phone=&#8221;0px|2%|0px|2%|false|true&#8221; custom_padding_last_edited=&#8221;on|desktop&#8221; text_font_size_tablet=&#8221;16px&#8221; text_font_size_phone=&#8221;16px&#8221; text_font_size_last_edited=&#8221;on|phone&#8221; global_colors_info=&#8221;{}&#8221;]<\/p>\n<p class=\"mb-2 whitespace-pre-wrap\">Ola Serneke AB str\u00e4var efter att vara en l\u00e5ngsiktig och h\u00e5llbar akt\u00f6r p\u00e5 flera marknader genom en m\u00e5ngfacetterad portf\u00f6lj av verksamheter. Vi kombinerar starkt entrepren\u00f6rskap och innovation f\u00f6r att skapa positiva effekter p\u00e5 aff\u00e4rslivet, samh\u00e4llet och milj\u00f6n.<\/p>\n<p class=\"mb-2 whitespace-pre-wrap\">V\u00e5r vision \u00e4r att bygga en framtid som \u00e4r b\u00e5de h\u00e5llbar och innovativ, med fokus p\u00e5 att leverera kvalitativa l\u00f6sningar och skapa merv\u00e4rde f\u00f6r alla v\u00e5ra intressenter.<\/p>\n<p>[\/et_pb_text][\/et_pb_column][\/et_pb_row][\/et_pb_section][et_pb_section fb_built=&#8221;1&#8243; custom_padding_last_edited=&#8221;on|phone&#8221; _builder_version=&#8221;4.25.1&#8243; _module_preset=&#8221;default&#8221; background_color=&#8221;gcid-dd0b000a-e970-43e9-b8ad-6c137f66b7a9&#8243; custom_padding=&#8221;62px||81px|||&#8221; custom_padding_tablet=&#8221;8px||48px||false|false&#8221; custom_padding_phone=&#8221;17px||17px||true|false&#8221; global_colors_info=&#8221;{%22gcid-dd0b000a-e970-43e9-b8ad-6c137f66b7a9%22:%91%22background_color%22%93}&#8221;][et_pb_row column_structure=&#8221;1_2,1_2&#8243; _builder_version=&#8221;4.25.1&#8243; _module_preset=&#8221;default&#8221; width_tablet=&#8221;&#8221; width_phone=&#8221;90%&#8221; width_last_edited=&#8221;on|phone&#8221; custom_margin_tablet=&#8221;&#8221; custom_margin_phone=&#8221;0px||||false|false&#8221; custom_margin_last_edited=&#8221;on|phone&#8221; custom_padding=&#8221;0px||||false|false&#8221; hover_enabled=&#8221;0&#8243; custom_css_main_element=&#8221;align-items: center; &#8221; global_colors_info=&#8221;{}&#8221; sticky_enabled=&#8221;0&#8243;][et_pb_column type=&#8221;1_2&#8243; _builder_version=&#8221;4.25.1&#8243; _module_preset=&#8221;default&#8221; global_colors_info=&#8221;{}&#8221;][et_pb_image src=&#8221;https:\/\/olasernekeab.se\/wp-content\/uploads\/2025\/04\/Spadtag-Karlatornet-13-scaled.jpg&#8221; title_text=&#8221;Spadtag Karlatornet-13&#8243; _builder_version=&#8221;4.25.1&#8243; _module_preset=&#8221;default&#8221; custom_margin_tablet=&#8221;&#8221; custom_margin_phone=&#8221;||-12px||false|false&#8221; custom_margin_last_edited=&#8221;on|phone&#8221; global_colors_info=&#8221;{}&#8221;][\/et_pb_image][\/et_pb_column][et_pb_column type=&#8221;1_2&#8243; _builder_version=&#8221;4.25.1&#8243; _module_preset=&#8221;default&#8221; custom_padding=&#8221;3%||||false|false&#8221; hover_enabled=&#8221;0&#8243; global_colors_info=&#8221;{}&#8221; sticky_enabled=&#8221;0&#8243;][et_pb_text _builder_version=&#8221;4.25.1&#8243; _module_preset=&#8221;826ed753-62e1-42bf-bb3c-c497b6abdfcb&#8221; header_2_font=&#8221;||||||||&#8221; custom_margin=&#8221;8px||4px||false|false&#8221; custom_margin_tablet=&#8221;8px||4px||false|false&#8221; custom_margin_phone=&#8221;8px||||false|false&#8221; custom_margin_last_edited=&#8221;on|phone&#8221; global_colors_info=&#8221;{}&#8221;]<\/p>\n<h2><span>V\u00e5r vision<\/span><\/h2>\n<p>[\/et_pb_text][et_pb_text _builder_version=&#8221;4.25.1&#8243; _module_preset=&#8221;default&#8221; text_font=&#8221;&#8211;et_global_body_font|&#8211;et_global_body_font_weight|||||||&#8221; text_text_color=&#8221;#2F2F30&#8243; text_font_size=&#8221;17px&#8221; text_line_height=&#8221;1.6em&#8221; custom_margin=&#8221;-6px|||||&#8221; text_font_size_tablet=&#8221;16px&#8221; text_font_size_phone=&#8221;16px&#8221; text_font_size_last_edited=&#8221;on|desktop&#8221; global_colors_info=&#8221;{}&#8221;]<\/p>\n<p class=\"mb-2 whitespace-pre-wrap\">V\u00e5r vision \u00e4r att vara en ledande och innovativ akt\u00f6r som skapar h\u00e5llbara l\u00f6sningar inom bygg, infrastruktur, fastigheter, fritid och mobilitet. Genom v\u00e5ra olika aff\u00e4rsomr\u00e5den \u2013 fr\u00e5n Serneke Construction och Serneke Infrastructure till Nybergs Svets, Serneke Project Development och v\u00e5ra fritidsanl\u00e4ggningar \u2013 str\u00e4var vi efter att bygga och utveckla samh\u00e4llen, fr\u00e4mja h\u00e5llbar tillv\u00e4xt och skapa upplevelser och v\u00e4rden som berikar m\u00e4nniskors liv. Genom v\u00e5rt engagemang f\u00f6r innovation, h\u00e5llbarhet och h\u00f6gsta kvalitet str\u00e4var vi efter att vara en f\u00f6rebild f\u00f6r framtidens entrepren\u00f6rskap och samh\u00e4llsutveckling.<\/p>\n<p>[\/et_pb_text][\/et_pb_column][\/et_pb_row][\/et_pb_section][et_pb_section fb_built=&#8221;1&#8243; custom_padding_last_edited=&#8221;on|desktop&#8221; _builder_version=&#8221;4.25.1&#8243; _module_preset=&#8221;default&#8221; background_color=&#8221;#F5F4F2&#8243; custom_padding=&#8221;58px||58px||true|false&#8221; custom_padding_tablet=&#8221;||0px||false|false&#8221; custom_padding_phone=&#8221;||0px||false|false&#8221; global_colors_info=&#8221;{}&#8221;][et_pb_row custom_padding_last_edited=&#8221;on|desktop&#8221; _builder_version=&#8221;4.25.1&#8243; _module_preset=&#8221;default&#8221; width_tablet=&#8221;90%&#8221; width_phone=&#8221;90%&#8221; width_last_edited=&#8221;on|desktop&#8221; custom_padding=&#8221;0px||0px||true|false&#8221; custom_padding_tablet=&#8221;0px||||false|false&#8221; custom_padding_phone=&#8221;0px||||false|false&#8221; custom_css_main_element=&#8221;align-items: center; &#8221; global_colors_info=&#8221;{}&#8221;][et_pb_column type=&#8221;4_4&#8243; _builder_version=&#8221;4.25.1&#8243; _module_preset=&#8221;default&#8221; global_colors_info=&#8221;{}&#8221;][et_pb_text _builder_version=&#8221;4.25.1&#8243; _module_preset=&#8221;826ed753-62e1-42bf-bb3c-c497b6abdfcb&#8221; global_colors_info=&#8221;{}&#8221;]<\/p>\n<h2>V\u00e5ra v\u00e4rderingar<\/h2>\n<p>[\/et_pb_text][\/et_pb_column][\/et_pb_row][et_pb_row column_structure=&#8221;1_4,1_4,1_4,1_4&#8243; use_custom_gutter=&#8221;on&#8221; gutter_width=&#8221;2&#8243; _builder_version=&#8221;4.25.1&#8243; _module_preset=&#8221;default&#8221; width_tablet=&#8221;90%&#8221; width_phone=&#8221;90%&#8221; width_last_edited=&#8221;on|phone&#8221; custom_padding=&#8221;9px|||||&#8221; global_colors_info=&#8221;{}&#8221;][et_pb_column type=&#8221;1_4&#8243; _builder_version=&#8221;4.25.1&#8243; _module_preset=&#8221;default&#8221; global_colors_info=&#8221;{}&#8221;][et_pb_blurb title=&#8221;H\u00e5llbarhet&#8221; _builder_version=&#8221;4.25.1&#8243; _module_preset=&#8221;default&#8221; header_level=&#8221;h3&#8243; header_font=&#8221;|700|||||||&#8221; header_text_align=&#8221;center&#8221; header_text_color=&#8221;#4C6B8A&#8221; header_line_height=&#8221;1.1em&#8221; body_font=&#8221;&#8211;et_global_body_font|&#8211;et_global_body_font_weight|||||||&#8221; body_text_color=&#8221;#2F2F30&#8243; body_font_size=&#8221;16px&#8221; body_line_height=&#8221;1.4em&#8221; background_color=&#8221;#FFFFFF&#8221; min_height=&#8221;290px&#8221; min_height_tablet=&#8221;290px&#8221; min_height_phone=&#8221;250px&#8221; min_height_last_edited=&#8221;on|phone&#8221; max_height=&#8221;250px&#8221; custom_margin=&#8221;||||false|false&#8221; custom_padding=&#8221;46px|34px|46px|34px|true|true&#8221; border_radii=&#8221;on|3px|3px|3px|3px&#8221; global_colors_info=&#8221;{}&#8221;]<\/p>\n<p style=\"text-align: center;\">Alla v\u00e5ra verksamheter ska k\u00e4nnetecknas av ett l\u00e5ngsiktigt h\u00e5llbarhetst\u00e4nk \u2013 fr\u00e5n resurseffektivitet och klimatsmarta l\u00f6sningar till att skapa h\u00e5llbara och v\u00e4lm\u00e5ende samh\u00e4llen.<\/p>\n<p>[\/et_pb_blurb][\/et_pb_column][et_pb_column type=&#8221;1_4&#8243; _builder_version=&#8221;4.25.1&#8243; _module_preset=&#8221;default&#8221; global_colors_info=&#8221;{}&#8221;][et_pb_blurb title=&#8221;Innovation&#8221; _builder_version=&#8221;4.25.1&#8243; _module_preset=&#8221;default&#8221; header_level=&#8221;h3&#8243; header_font=&#8221;|700|||||||&#8221; header_text_align=&#8221;center&#8221; header_text_color=&#8221;#4C6B8A&#8221; header_line_height=&#8221;1.1em&#8221; body_font=&#8221;&#8211;et_global_body_font|&#8211;et_global_body_font_weight|||||||&#8221; body_text_color=&#8221;#2F2F30&#8243; body_font_size=&#8221;16px&#8221; body_line_height=&#8221;1.4em&#8221; background_color=&#8221;#FFFFFF&#8221; min_height=&#8221;290px&#8221; min_height_tablet=&#8221;290px&#8221; min_height_phone=&#8221;250px&#8221; min_height_last_edited=&#8221;on|phone&#8221; max_height=&#8221;250px&#8221; custom_margin=&#8221;||||false|false&#8221; custom_padding=&#8221;46px|34px|46px|34px|true|true&#8221; border_radii=&#8221;on|3px|3px|3px|3px&#8221; global_colors_info=&#8221;{}&#8221;]<\/p>\n<p style=\"text-align: center;\">Vi ska forts\u00e4tta att vara en innovativ kraft som inte bara anpassar oss till f\u00f6r\u00e4ndringar utan ocks\u00e5 driver utvecklingen fram\u00e5t, vare sig det handlar om nybyggnation, tekniska l\u00f6sningar eller kundupplevelse.<\/p>\n<p>[\/et_pb_blurb][\/et_pb_column][et_pb_column type=&#8221;1_4&#8243; _builder_version=&#8221;4.25.1&#8243; _module_preset=&#8221;default&#8221; global_colors_info=&#8221;{}&#8221;][et_pb_blurb title=&#8221;Kvalitet och kundfokus&#8221; _builder_version=&#8221;4.25.1&#8243; _module_preset=&#8221;default&#8221; header_level=&#8221;h3&#8243; header_font=&#8221;|700|||||||&#8221; header_text_align=&#8221;center&#8221; header_text_color=&#8221;#4C6B8A&#8221; header_line_height=&#8221;1.1em&#8221; body_font=&#8221;&#8211;et_global_body_font|&#8211;et_global_body_font_weight|||||||&#8221; body_text_color=&#8221;#2F2F30&#8243; body_font_size=&#8221;16px&#8221; body_line_height=&#8221;1.4em&#8221; background_color=&#8221;#FFFFFF&#8221; min_height=&#8221;290px&#8221; min_height_tablet=&#8221;290px&#8221; min_height_phone=&#8221;250px&#8221; min_height_last_edited=&#8221;on|phone&#8221; max_height=&#8221;250px&#8221; custom_margin=&#8221;||||false|false&#8221; custom_padding=&#8221;46px|34px|46px|34px|true|true&#8221; border_radii=&#8221;on|3px|3px|3px|3px&#8221; global_colors_info=&#8221;{}&#8221;]<\/p>\n<p style=\"text-align: center;\">Genom att s\u00e4tta kvalitet och kundens behov i f\u00f6rsta hand ska vi skapa l\u00e5ngvariga relationer och leverera v\u00e4rde som \u00f6vertr\u00e4ffar f\u00f6rv\u00e4ntningarna.<\/p>\n<p>[\/et_pb_blurb][\/et_pb_column][et_pb_column type=&#8221;1_4&#8243; _builder_version=&#8221;4.25.1&#8243; _module_preset=&#8221;default&#8221; global_colors_info=&#8221;{}&#8221;][et_pb_blurb title=&#8221; Ansvarstagande&#8221; _builder_version=&#8221;4.25.1&#8243; _module_preset=&#8221;default&#8221; header_level=&#8221;h3&#8243; header_font=&#8221;|700|||||||&#8221; header_text_align=&#8221;center&#8221; header_text_color=&#8221;#4C6B8A&#8221; header_line_height=&#8221;1.1em&#8221; body_font=&#8221;&#8211;et_global_body_font|&#8211;et_global_body_font_weight|||||||&#8221; body_text_color=&#8221;#2F2F30&#8243; body_font_size=&#8221;16px&#8221; body_line_height=&#8221;1.4em&#8221; background_color=&#8221;#FFFFFF&#8221; min_height=&#8221;290px&#8221; min_height_tablet=&#8221;290px&#8221; min_height_phone=&#8221;250px&#8221; min_height_last_edited=&#8221;on|phone&#8221; max_height=&#8221;250px&#8221; custom_margin=&#8221;||||false|false&#8221; custom_padding=&#8221;46px|34px|46px|34px|true|true&#8221; border_radii=&#8221;on|3px|3px|3px|3px&#8221; global_colors_info=&#8221;{}&#8221;]<\/p>\n<p style=\"text-align: center;\">Vi ska agera med ansvar, b\u00e5de gentemot samh\u00e4llet och v\u00e5ra medarbetare, och alltid str\u00e4va efter att vara en etisk och r\u00e4ttvis akt\u00f6r p\u00e5 marknaden.<\/p>\n<p>[\/et_pb_blurb][\/et_pb_column][\/et_pb_row][\/et_pb_section][et_pb_section fb_built=&#8221;1&#8243; custom_padding_last_edited=&#8221;on|tablet&#8221; _builder_version=&#8221;4.25.1&#8243; _module_preset=&#8221;default&#8221; background_color=&#8221;#fcfbf9&#8243; custom_padding=&#8221;58px||58px||false|false&#8221; custom_padding_tablet=&#8221;||0px||false|false&#8221; custom_padding_phone=&#8221;58px||0px||false|false&#8221; global_colors_info=&#8221;{}&#8221;][et_pb_row _builder_version=&#8221;4.25.1&#8243; _module_preset=&#8221;default&#8221; custom_padding=&#8221;0px||0px||true|false&#8221; global_colors_info=&#8221;{}&#8221;][et_pb_column type=&#8221;4_4&#8243; _builder_version=&#8221;4.25.1&#8243; _module_preset=&#8221;default&#8221; global_colors_info=&#8221;{}&#8221;][et_pb_text _builder_version=&#8221;4.25.1&#8243; _module_preset=&#8221;826ed753-62e1-42bf-bb3c-c497b6abdfcb&#8221; header_2_font=&#8221;||||||||&#8221; custom_margin=&#8221;8px||4px||false|false&#8221; custom_margin_phone=&#8221;8px||-7px||false|false&#8221; global_colors_info=&#8221;{}&#8221;]<\/p>\n<h2><span>Konkreta m\u00e5l &amp; Strategier<\/span><\/h2>\n<p>[\/et_pb_text][\/et_pb_column][\/et_pb_row][et_pb_row column_structure=&#8221;1_2,1_2&#8243; custom_padding_last_edited=&#8221;on|tablet&#8221; _builder_version=&#8221;4.25.1&#8243; _module_preset=&#8221;default&#8221; custom_margin_tablet=&#8221;&#8221; custom_margin_phone=&#8221;0px||||false|false&#8221; custom_margin_last_edited=&#8221;on|phone&#8221; custom_padding=&#8221;8px||||false|false&#8221; custom_padding_tablet=&#8221;8px||||false|false&#8221; custom_padding_phone=&#8221;4px||||false|false&#8221; global_colors_info=&#8221;{}&#8221;][et_pb_column type=&#8221;1_2&#8243; _builder_version=&#8221;4.25.1&#8243; _module_preset=&#8221;default&#8221; global_colors_info=&#8221;{}&#8221;][et_pb_text _builder_version=&#8221;4.25.1&#8243; _module_preset=&#8221;default&#8221; text_font=&#8221;Roboto|&#8211;et_global_body_font_weight|||||||&#8221; text_text_color=&#8221;#2F2F30&#8243; text_font_size=&#8221;18px&#8221; text_line_height=&#8221;1.6em&#8221; header_3_font=&#8221;&#8211;et_global_heading_font|&#8211;et_global_heading_font_weight|||||||&#8221; header_3_text_color=&#8221;#4C6B8A&#8221; header_3_font_size=&#8221;18px&#8221; header_3_line_height=&#8221;1.4em&#8221; custom_margin=&#8221;0px||4px||false|false&#8221; custom_padding=&#8221;||0px|||&#8221; text_font_size_tablet=&#8221;16px&#8221; text_font_size_phone=&#8221;16px&#8221; text_font_size_last_edited=&#8221;on|phone&#8221; global_colors_info=&#8221;{}&#8221;]<\/p>\n<h3 class=\"mb-2 whitespace-pre-wrap\">H\u00e5llbar samh\u00e4llsutveckling &amp; infrastruktur<\/h3>\n<p>[\/et_pb_text][et_pb_text _builder_version=&#8221;4.25.1&#8243; _module_preset=&#8221;e66c9dd4-91aa-4d61-ba64-5efa1209dfc0&#8243; text_font=&#8221;&#8211;et_global_body_font|300|||||||&#8221; text_font_size=&#8221;17px&#8221; custom_margin=&#8221;0px||21px||false|false&#8221; custom_margin_tablet=&#8221;0px||||false|false&#8221; custom_margin_phone=&#8221;-7px||||false|false&#8221; custom_margin_last_edited=&#8221;on|desktop&#8221; custom_padding=&#8221;0px|0%|0px|0%|false|false&#8221; custom_padding_tablet=&#8221;0px|0%|0px|0%|false|false&#8221; custom_padding_phone=&#8221;0px|0%|10px|0%|false|true&#8221; custom_padding_last_edited=&#8221;on|phone&#8221; text_font_size_tablet=&#8221;&#8221; text_font_size_phone=&#8221;&#8221; text_font_size_last_edited=&#8221;on|phone&#8221; text_line_height_phone=&#8221;1.6em&#8221; global_colors_info=&#8221;{}&#8221;]<\/p>\n<p style=\"text-align: left;\"><strong>Serneke Construction &amp; Serneke Infrastructure<\/strong> ska forts\u00e4tta att vara pionj\u00e4rer inom h\u00e5llbart byggande och infrastrukturprojekt, d\u00e4r vi integrerar ny teknologi och smarta l\u00f6sningar f\u00f6r att bygga h\u00e5llbara och energieffektiva st\u00e4der och samh\u00e4llen. Vi kommer att prioritera projekt som gynnar b\u00e5de den lokala och globala milj\u00f6n.<\/p>\n<p>[\/et_pb_text][et_pb_text _builder_version=&#8221;4.25.1&#8243; _module_preset=&#8221;default&#8221; text_font=&#8221;Roboto|&#8211;et_global_body_font_weight|||||||&#8221; text_text_color=&#8221;#2F2F30&#8243; text_font_size=&#8221;18px&#8221; text_line_height=&#8221;1.6em&#8221; header_3_font=&#8221;&#8211;et_global_heading_font|&#8211;et_global_heading_font_weight|||||||&#8221; header_3_text_color=&#8221;#4C6B8A&#8221; header_3_font_size=&#8221;18px&#8221; header_3_line_height=&#8221;1.4em&#8221; custom_margin=&#8221;0px||4px||false|false&#8221; custom_margin_phone=&#8221;||||false|false&#8221; custom_padding=&#8221;12px||0px||false|false&#8221; custom_padding_tablet=&#8221;&#8221; custom_padding_phone=&#8221;13px||3px||false|false&#8221; custom_padding_last_edited=&#8221;on|phone&#8221; text_font_size_tablet=&#8221;16px&#8221; text_font_size_phone=&#8221;16px&#8221; text_font_size_last_edited=&#8221;on|phone&#8221; global_colors_info=&#8221;{}&#8221;]<\/p>\n<h3 class=\"mb-2 whitespace-pre-wrap\">Samh\u00e4llsengagemang genom Prioritet Serneke Arena<\/h3>\n<p>[\/et_pb_text][et_pb_text _builder_version=&#8221;4.25.1&#8243; _module_preset=&#8221;e66c9dd4-91aa-4d61-ba64-5efa1209dfc0&#8243; text_font=&#8221;&#8211;et_global_body_font|300|||||||&#8221; text_font_size=&#8221;17px&#8221; custom_margin=&#8221;0px||21px||false|false&#8221; custom_margin_tablet=&#8221;0px||||false|false&#8221; custom_margin_phone=&#8221;-7px||||false|false&#8221; custom_margin_last_edited=&#8221;on|desktop&#8221; custom_padding=&#8221;0px|0%|0px|0%|false|false&#8221; custom_padding_tablet=&#8221;0px|0%|0px|0%|false|false&#8221; custom_padding_phone=&#8221;0px|0%|10px|0%|false|true&#8221; custom_padding_last_edited=&#8221;on|phone&#8221; text_font_size_tablet=&#8221;&#8221; text_font_size_phone=&#8221;&#8221; text_font_size_last_edited=&#8221;on|phone&#8221; global_colors_info=&#8221;{}&#8221;]<\/p>\n<p style=\"text-align: left;\">Prioritet<strong> Serneke Arena<\/strong> ska vara en central plats f\u00f6r idrott, kultur och samh\u00e4llsaktiviteter. Genom att skapa en dynamisk och inbjudande m\u00f6tesplats f\u00f6r b\u00e5de lokala och internationella evenemang, ska vi bidra till en aktiv och levande gemenskap.<\/p>\n<p>[\/et_pb_text][et_pb_text _builder_version=&#8221;4.25.1&#8243; _module_preset=&#8221;default&#8221; text_font=&#8221;Roboto|&#8211;et_global_body_font_weight|||||||&#8221; text_text_color=&#8221;#2F2F30&#8243; text_font_size=&#8221;18px&#8221; text_line_height=&#8221;1.6em&#8221; header_3_font=&#8221;&#8211;et_global_heading_font|&#8211;et_global_heading_font_weight|||||||&#8221; header_3_text_color=&#8221;#4C6B8A&#8221; header_3_font_size=&#8221;18px&#8221; header_3_line_height=&#8221;1.4em&#8221; custom_margin=&#8221;0px||4px||false|false&#8221; custom_padding=&#8221;12px||0px||false|false&#8221; custom_padding_tablet=&#8221;12px||0px||false|false&#8221; custom_padding_phone=&#8221;13px||3px||false|false&#8221; custom_padding_last_edited=&#8221;on|phone&#8221; text_font_size_tablet=&#8221;16px&#8221; text_font_size_phone=&#8221;16px&#8221; text_font_size_last_edited=&#8221;on|phone&#8221; global_colors_info=&#8221;{}&#8221;]<\/p>\n<h3 class=\"mb-2 whitespace-pre-wrap\">Fastighetsutveckling &amp; l\u00e5ngsiktig v\u00e4rdeskapande<\/h3>\n<p>[\/et_pb_text][et_pb_text _builder_version=&#8221;4.25.1&#8243; _module_preset=&#8221;default&#8221; text_font=&#8221;&#8211;et_global_body_font|300|||||||&#8221; text_text_color=&#8221;#2F2F30&#8243; text_font_size=&#8221;17px&#8221; text_line_height=&#8221;1.6em&#8221; custom_margin=&#8221;0px||21px||false|false&#8221; custom_margin_tablet=&#8221;0px||||false|false&#8221; custom_margin_phone=&#8221;-7px||||false|false&#8221; custom_margin_last_edited=&#8221;on|desktop&#8221; custom_padding=&#8221;0px|0%|0px|0%|false|false&#8221; custom_padding_tablet=&#8221;0px|0%|0px|0%|false|false&#8221; custom_padding_phone=&#8221;0px|0%|10px|0%|false|true&#8221; custom_padding_last_edited=&#8221;on|phone&#8221; text_font_size_tablet=&#8221;17px&#8221; text_font_size_phone=&#8221;16px&#8221; text_font_size_last_edited=&#8221;on|phone&#8221; global_colors_info=&#8221;{}&#8221;]<\/p>\n<p>Serneke Project Development och Fastigheter fokuserar p\u00e5 att utveckla, f\u00f6rvalta och optimera fastigheter som m\u00f6ter framtidens behov, fr\u00e5n bost\u00e4der till kommersiella lokaler. Vi ska skapa livskraftiga och h\u00e5llbara milj\u00f6er som bidrar till m\u00e4nniskors v\u00e4lm\u00e5ende och fungerar som en stabil bas f\u00f6r l\u00e5ngsiktig v\u00e4rdeutveckling.<\/p>\n<p>[\/et_pb_text][\/et_pb_column][et_pb_column type=&#8221;1_2&#8243; _builder_version=&#8221;4.25.1&#8243; _module_preset=&#8221;default&#8221; global_colors_info=&#8221;{}&#8221;][et_pb_text _builder_version=&#8221;4.25.1&#8243; _module_preset=&#8221;default&#8221; text_font=&#8221;Roboto|&#8211;et_global_body_font_weight|||||||&#8221; text_text_color=&#8221;#2F2F30&#8243; text_font_size=&#8221;18px&#8221; text_line_height=&#8221;1.6em&#8221; header_3_font=&#8221;&#8211;et_global_heading_font|&#8211;et_global_heading_font_weight|||||||&#8221; header_3_text_color=&#8221;#4C6B8A&#8221; header_3_font_size=&#8221;18px&#8221; header_3_line_height=&#8221;1.4em&#8221; custom_margin=&#8221;0px||4px||false|false&#8221; custom_margin_phone=&#8221;0px||||false|false&#8221; custom_padding=&#8221;||0px||false|false&#8221; custom_padding_tablet=&#8221;&#8221; custom_padding_phone=&#8221;0px||3px||false|false&#8221; custom_padding_last_edited=&#8221;on|phone&#8221; text_font_size_tablet=&#8221;16px&#8221; text_font_size_phone=&#8221;16px&#8221; text_font_size_last_edited=&#8221;on|phone&#8221; global_colors_info=&#8221;{}&#8221;]<\/p>\n<h3 class=\"mb-2 whitespace-pre-wrap\">Mobilitet f\u00f6r framtiden<\/h3>\n<p>[\/et_pb_text][et_pb_text _builder_version=&#8221;4.25.1&#8243; _module_preset=&#8221;default&#8221; text_font=&#8221;&#8211;et_global_body_font|300|||||||&#8221; text_text_color=&#8221;#2F2F30&#8243; text_font_size=&#8221;17px&#8221; text_line_height=&#8221;1.6em&#8221; custom_margin=&#8221;0px||21px||false|false&#8221; custom_margin_tablet=&#8221;0px||||false|false&#8221; custom_margin_phone=&#8221;-7px||||false|false&#8221; custom_margin_last_edited=&#8221;on|desktop&#8221; custom_padding=&#8221;0px|0%|0px|0%|false|false&#8221; custom_padding_tablet=&#8221;0px|0%|0px|0%|false|false&#8221; custom_padding_phone=&#8221;0px|0%|10px|0%|false|true&#8221; custom_padding_last_edited=&#8221;on|phone&#8221; text_font_size_tablet=&#8221;17px&#8221; text_font_size_phone=&#8221;16px&#8221; text_font_size_last_edited=&#8221;on|phone&#8221; global_colors_info=&#8221;{}&#8221;]<\/p>\n<p><strong>7H Bil<\/strong> kommer att vara en drivande kraft inom h\u00e5llbar mobilitet och erbjuda b\u00e5de traditionella och elektriska bilalternativ. Vi ska vara en f\u00f6rebild f\u00f6r framtidens bilhandel genom att fokusera p\u00e5 milj\u00f6v\u00e4nliga l\u00f6sningar och erbjuda kunderna f\u00f6rstklassig service och innovation.<\/p>\n<p>[\/et_pb_text][et_pb_text _builder_version=&#8221;4.25.1&#8243; _module_preset=&#8221;default&#8221; text_font=&#8221;Roboto|&#8211;et_global_body_font_weight|||||||&#8221; text_text_color=&#8221;#2F2F30&#8243; text_font_size=&#8221;18px&#8221; text_line_height=&#8221;1.6em&#8221; header_3_font=&#8221;&#8211;et_global_heading_font|&#8211;et_global_heading_font_weight|||||||&#8221; header_3_text_color=&#8221;#4C6B8A&#8221; header_3_font_size=&#8221;18px&#8221; header_3_line_height=&#8221;1.4em&#8221; custom_margin=&#8221;0px||4px||false|false&#8221; custom_padding=&#8221;12px||0px||false|false&#8221; custom_padding_tablet=&#8221;12px||0px||false|false&#8221; custom_padding_phone=&#8221;13px||3px||false|false&#8221; custom_padding_last_edited=&#8221;on|phone&#8221; text_font_size_tablet=&#8221;16px&#8221; text_font_size_phone=&#8221;16px&#8221; text_font_size_last_edited=&#8221;on|phone&#8221; global_colors_info=&#8221;{}&#8221;]<\/p>\n<h3 class=\"mb-2 whitespace-pre-wrap\">Upplevelse &amp; rekreation<\/h3>\n<p>[\/et_pb_text][et_pb_text _builder_version=&#8221;4.25.1&#8243; _module_preset=&#8221;default&#8221; text_font=&#8221;&#8211;et_global_body_font|300|||||||&#8221; text_text_color=&#8221;#2F2F30&#8243; text_font_size=&#8221;17px&#8221; text_line_height=&#8221;1.6em&#8221; custom_margin=&#8221;0px||21px||false|false&#8221; custom_margin_tablet=&#8221;0px||||false|false&#8221; custom_margin_phone=&#8221;-7px||||false|false&#8221; custom_margin_last_edited=&#8221;on|desktop&#8221; custom_padding=&#8221;0px|0%|0px|0%|false|false&#8221; custom_padding_tablet=&#8221;0px|0%|0px|0%|false|false&#8221; custom_padding_phone=&#8221;0px|0%|10px|0%|false|true&#8221; custom_padding_last_edited=&#8221;on|phone&#8221; text_font_size_tablet=&#8221;17px&#8221; text_font_size_phone=&#8221;16px&#8221; text_font_size_last_edited=&#8221;on|phone&#8221; global_colors_info=&#8221;{}&#8221;]<\/p>\n<p><strong>Tallhyddan<\/strong> och <strong>Fj\u00e4terv\u00e5len Skidanl\u00e4ggning<\/strong> ska erbjuda bes\u00f6kare unika upplevelser i naturen och i vintermilj\u00f6. Vi ska forts\u00e4tta att utveckla v\u00e5ra fritidsanl\u00e4ggningar till h\u00e5llbara och tillg\u00e4ngliga destinationer som fr\u00e4mjar h\u00e4lsa, gemenskap och livskvalitet.<\/p>\n<p>[\/et_pb_text][et_pb_text _builder_version=&#8221;4.25.1&#8243; _module_preset=&#8221;default&#8221; text_font=&#8221;Roboto|&#8211;et_global_body_font_weight|||||||&#8221; text_text_color=&#8221;#2F2F30&#8243; text_font_size=&#8221;18px&#8221; text_line_height=&#8221;1.6em&#8221; header_3_font=&#8221;&#8211;et_global_heading_font|&#8211;et_global_heading_font_weight|||||||&#8221; header_3_text_color=&#8221;#4C6B8A&#8221; header_3_font_size=&#8221;18px&#8221; header_3_line_height=&#8221;1.4em&#8221; custom_margin=&#8221;0px||4px||false|false&#8221; custom_padding=&#8221;12px||0px||false|false&#8221; custom_padding_tablet=&#8221;12px||0px||false|false&#8221; custom_padding_phone=&#8221;13px||3px||false|false&#8221; custom_padding_last_edited=&#8221;on|phone&#8221; text_font_size_tablet=&#8221;16px&#8221; text_font_size_phone=&#8221;16px&#8221; text_font_size_last_edited=&#8221;on|phone&#8221; global_colors_info=&#8221;{}&#8221;]<\/p>\n<h3 class=\"mb-2 whitespace-pre-wrap\"><strong>Industriellt ledarskap &amp; innovation<\/strong><\/h3>\n<p>[\/et_pb_text][et_pb_text _builder_version=&#8221;4.25.1&#8243; _module_preset=&#8221;default&#8221; text_font=&#8221;&#8211;et_global_body_font|300|||||||&#8221; text_text_color=&#8221;#2F2F30&#8243; text_font_size=&#8221;17px&#8221; text_line_height=&#8221;1.6em&#8221; custom_margin=&#8221;0px||21px||false|false&#8221; custom_margin_tablet=&#8221;0px||||false|false&#8221; custom_margin_phone=&#8221;-7px||||false|false&#8221; custom_margin_last_edited=&#8221;on|desktop&#8221; custom_padding=&#8221;0px|0%|0px|0%|false|false&#8221; custom_padding_tablet=&#8221;0px|0%|0px|0%|false|false&#8221; custom_padding_phone=&#8221;0px|0%|10px|0%|false|true&#8221; custom_padding_last_edited=&#8221;on|phone&#8221; text_font_size_tablet=&#8221;17px&#8221; text_font_size_phone=&#8221;16px&#8221; text_font_size_last_edited=&#8221;on|phone&#8221; global_colors_info=&#8221;{}&#8221;]<\/p>\n<p>Genom <strong>Nybergs Svets<\/strong> str\u00e4var vi efter att bli ledande inom metallbearbetning och svetsl\u00f6sningar, genom att utnyttja de senaste teknologierna och optimera produktionsfl\u00f6den f\u00f6r att s\u00e4kerst\u00e4lla b\u00e5de h\u00f6g kvalitet och effektivitet.<\/p>\n<p>[\/et_pb_text][\/et_pb_column][\/et_pb_row][\/et_pb_section][et_pb_section fb_built=&#8221;1&#8243; specialty=&#8221;on&#8221; custom_padding_last_edited=&#8221;on|phone&#8221; padding_1_tablet=&#8221;&#8221; padding_1_phone=&#8221;0px||||false|false&#8221; padding_1_last_edited=&#8221;on|phone&#8221; _builder_version=&#8221;4.25.1&#8243; _module_preset=&#8221;default&#8221; background_color=&#8221;#fcfbf9&#8243; inner_width=&#8221;80%&#8221; inner_width_tablet=&#8221;80%&#8221; inner_width_phone=&#8221;84%&#8221; inner_width_last_edited=&#8221;on|phone&#8221; inner_max_width=&#8221;100%&#8221; custom_margin_tablet=&#8221;&#8221; custom_margin_phone=&#8221;0px||||false|false&#8221; custom_margin_last_edited=&#8221;on|phone&#8221; custom_padding=&#8221;||||false|false&#8221; custom_padding_tablet=&#8221;||||false|false&#8221; custom_padding_phone=&#8221;0px||||false|false&#8221; global_colors_info=&#8221;{}&#8221; padding_2__hover_enabled=&#8221;off|desktop&#8221;][et_pb_column type=&#8221;1_2&#8243; specialty_columns=&#8221;2&#8243; _builder_version=&#8221;4.16&#8243; custom_padding=&#8221;|||&#8221; global_colors_info=&#8221;{}&#8221; custom_padding__hover=&#8221;|||&#8221;][et_pb_row_inner custom_padding_last_edited=&#8221;on|tablet&#8221; _builder_version=&#8221;4.25.1&#8243; _module_preset=&#8221;default&#8221; custom_margin=&#8221;8%||||false|false&#8221; custom_margin_tablet=&#8221;0%||||false|false&#8221; custom_margin_phone=&#8221;0%||||false|false&#8221; custom_margin_last_edited=&#8221;on|tablet&#8221; custom_padding_tablet=&#8221;0px||||false|false&#8221; custom_padding_phone=&#8221;0px||||false|false&#8221; global_colors_info=&#8221;{}&#8221;][et_pb_column_inner saved_specialty_column_type=&#8221;1_2&#8243; _builder_version=&#8221;4.25.1&#8243; _module_preset=&#8221;default&#8221; global_colors_info=&#8221;{}&#8221;][et_pb_text _builder_version=&#8221;4.25.1&#8243; _module_preset=&#8221;826ed753-62e1-42bf-bb3c-c497b6abdfcb&#8221; header_2_font=&#8221;||||||||&#8221; global_colors_info=&#8221;{}&#8221;]<\/p>\n<h2 style=\"text-align: left;\">Framtidsm\u00e5l<\/h2>\n<p>[\/et_pb_text][et_pb_text _builder_version=&#8221;4.25.1&#8243; _module_preset=&#8221;default&#8221; text_font=&#8221;&#8211;et_global_body_font|&#8211;et_global_body_font_weight|||||||&#8221; text_text_color=&#8221;#2F2F30&#8243; text_font_size=&#8221;17px&#8221; text_line_height=&#8221;1.6em&#8221; custom_margin=&#8221;-6px|||||&#8221; global_colors_info=&#8221;{}&#8221;]<\/p>\n<p>Ola Serneke AB ska vara en f\u00f6rebild f\u00f6r framtidens h\u00e5llbara byggande, infrastruktur och samh\u00e4llsutveckling. Genom att v\u00e4xa och utveckla v\u00e5ra verksamheter p\u00e5 ett ansvarsfullt s\u00e4tt och samtidigt vara en innovativ kraft, kommer vi att skapa l\u00e5ngsiktig v\u00e4rdeutveckling f\u00f6r alla v\u00e5ra intressenter och bidra till att forma framtidens samh\u00e4lle.<\/p>\n<p>[\/et_pb_text][\/et_pb_column_inner][\/et_pb_row_inner][\/et_pb_column][et_pb_column type=&#8221;1_2&#8243; _builder_version=&#8221;4.16&#8243; custom_padding=&#8221;|||&#8221; global_colors_info=&#8221;{}&#8221; custom_padding__hover=&#8221;|||&#8221;][et_pb_image src=&#8221;https:\/\/olasernekeab.se\/wp-content\/uploads\/2025\/04\/Kamera-8-scaled.jpg&#8221; title_text=&#8221;Kamera-8&#8243; _builder_version=&#8221;4.25.1&#8243; _module_preset=&#8221;default&#8221; global_colors_info=&#8221;{}&#8221;][\/et_pb_image][\/et_pb_column][\/et_pb_section]<\/p>\n","protected":false},"excerpt":{"rendered":"<p>Om Ola Serneke ABOla Serneke AB str\u00e4var efter att vara en l\u00e5ngsiktig och h\u00e5llbar akt\u00f6r p\u00e5 flera marknader genom en m\u00e5ngfacetterad portf\u00f6lj av verksamheter. Vi kombinerar starkt entrepren\u00f6rskap och innovation f\u00f6r att skapa positiva effekter p\u00e5 aff\u00e4rslivet, samh\u00e4llet och milj\u00f6n. V\u00e5r vision \u00e4r att bygga en framtid som \u00e4r b\u00e5de h\u00e5llbar och innovativ, med fokus [&hellip;]<\/p>\n","protected":false},"author":2,"featured_media":0,"parent":0,"menu_order":0,"comment_status":"closed","ping_status":"closed","template":"","meta":{"_et_pb_use_builder":"on","_et_pb_old_content":"","_et_gb_content_width":"","footnotes":""},"class_list":["post-644","page","type-page","status-publish","hentry"],"yoast_head":"<!-- This site is optimized with the Yoast SEO plugin v27.2 - https:\/\/yoast.com\/product\/yoast-seo-wordpress\/ -->\n<title>Om Koncernen\u00a0 - Serneke<\/title>\n<meta name=\"robots\" content=\"index, follow, max-snippet:-1, max-image-preview:large, max-video-preview:-1\" \/>\n<link rel=\"canonical\" href=\"https:\/\/olasernekeab.se\/?page_id=644\" \/>\n<meta property=\"og:locale\" content=\"en_US\" \/>\n<meta property=\"og:type\" content=\"article\" \/>\n<meta property=\"og:title\" content=\"Om Koncernen\u00a0 - Serneke\" \/>\n<meta property=\"og:description\" content=\"Om Ola Serneke ABOla Serneke AB str\u00e4var efter att vara en l\u00e5ngsiktig och h\u00e5llbar akt\u00f6r p\u00e5 flera marknader genom en m\u00e5ngfacetterad portf\u00f6lj av verksamheter. Vi kombinerar starkt entrepren\u00f6rskap och innovation f\u00f6r att skapa positiva effekter p\u00e5 aff\u00e4rslivet, samh\u00e4llet och milj\u00f6n. V\u00e5r vision \u00e4r att bygga en framtid som \u00e4r b\u00e5de h\u00e5llbar och innovativ, med fokus [&hellip;]\" \/>\n<meta property=\"og:url\" content=\"https:\/\/olasernekeab.se\/?page_id=644\" \/>\n<meta property=\"og:site_name\" content=\"Serneke\" \/>\n<meta property=\"article:modified_time\" content=\"2025-04-15T12:10:22+00:00\" \/>\n<meta name=\"twitter:card\" content=\"summary_large_image\" \/>\n<meta name=\"twitter:label1\" content=\"Est. reading time\" \/>\n\t<meta name=\"twitter:data1\" content=\"19 minutes\" \/>\n<script type=\"application\/ld+json\" class=\"yoast-schema-graph\">{\"@context\":\"https:\/\/schema.org\",\"@graph\":[{\"@type\":\"WebPage\",\"@id\":\"https:\/\/olasernekeab.se\/?page_id=644\",\"url\":\"https:\/\/olasernekeab.se\/?page_id=644\",\"name\":\"Om Koncernen\u00a0 - Serneke\",\"isPartOf\":{\"@id\":\"https:\/\/olasernekeab.se\/#website\"},\"datePublished\":\"2024-06-04T12:08:41+00:00\",\"dateModified\":\"2025-04-15T12:10:22+00:00\",\"breadcrumb\":{\"@id\":\"https:\/\/olasernekeab.se\/?page_id=644#breadcrumb\"},\"inLanguage\":\"en-US\",\"potentialAction\":[{\"@type\":\"ReadAction\",\"target\":[\"https:\/\/olasernekeab.se\/?page_id=644\"]}]},{\"@type\":\"BreadcrumbList\",\"@id\":\"https:\/\/olasernekeab.se\/?page_id=644#breadcrumb\",\"itemListElement\":[{\"@type\":\"ListItem\",\"position\":1,\"name\":\"Home\",\"item\":\"https:\/\/olasernekeab.se\/\"},{\"@type\":\"ListItem\",\"position\":2,\"name\":\"Om Koncernen\u00a0\"}]},{\"@type\":\"WebSite\",\"@id\":\"https:\/\/olasernekeab.se\/#website\",\"url\":\"https:\/\/olasernekeab.se\/\",\"name\":\"Serneke\",\"description\":\"Vi skapar framtidens samh\u00e4llen\",\"potentialAction\":[{\"@type\":\"SearchAction\",\"target\":{\"@type\":\"EntryPoint\",\"urlTemplate\":\"https:\/\/olasernekeab.se\/?s={search_term_string}\"},\"query-input\":{\"@type\":\"PropertyValueSpecification\",\"valueRequired\":true,\"valueName\":\"search_term_string\"}}],\"inLanguage\":\"en-US\"}]}<\/script>\n<!-- \/ Yoast SEO plugin. -->","yoast_head_json":{"title":"Om Koncernen\u00a0 - Serneke","robots":{"index":"index","follow":"follow","max-snippet":"max-snippet:-1","max-image-preview":"max-image-preview:large","max-video-preview":"max-video-preview:-1"},"canonical":"https:\/\/olasernekeab.se\/?page_id=644","og_locale":"en_US","og_type":"article","og_title":"Om Koncernen\u00a0 - Serneke","og_description":"Om Ola Serneke ABOla Serneke AB str\u00e4var efter att vara en l\u00e5ngsiktig och h\u00e5llbar akt\u00f6r p\u00e5 flera marknader genom en m\u00e5ngfacetterad portf\u00f6lj av verksamheter. Vi kombinerar starkt entrepren\u00f6rskap och innovation f\u00f6r att skapa positiva effekter p\u00e5 aff\u00e4rslivet, samh\u00e4llet och milj\u00f6n. V\u00e5r vision \u00e4r att bygga en framtid som \u00e4r b\u00e5de h\u00e5llbar och innovativ, med fokus [&hellip;]","og_url":"https:\/\/olasernekeab.se\/?page_id=644","og_site_name":"Serneke","article_modified_time":"2025-04-15T12:10:22+00:00","twitter_card":"summary_large_image","twitter_misc":{"Est. reading time":"19 minutes"},"schema":{"@context":"https:\/\/schema.org","@graph":[{"@type":"WebPage","@id":"https:\/\/olasernekeab.se\/?page_id=644","url":"https:\/\/olasernekeab.se\/?page_id=644","name":"Om Koncernen\u00a0 - Serneke","isPartOf":{"@id":"https:\/\/olasernekeab.se\/#website"},"datePublished":"2024-06-04T12:08:41+00:00","dateModified":"2025-04-15T12:10:22+00:00","breadcrumb":{"@id":"https:\/\/olasernekeab.se\/?page_id=644#breadcrumb"},"inLanguage":"en-US","potentialAction":[{"@type":"ReadAction","target":["https:\/\/olasernekeab.se\/?page_id=644"]}]},{"@type":"BreadcrumbList","@id":"https:\/\/olasernekeab.se\/?page_id=644#breadcrumb","itemListElement":[{"@type":"ListItem","position":1,"name":"Home","item":"https:\/\/olasernekeab.se\/"},{"@type":"ListItem","position":2,"name":"Om Koncernen\u00a0"}]},{"@type":"WebSite","@id":"https:\/\/olasernekeab.se\/#website","url":"https:\/\/olasernekeab.se\/","name":"Serneke","description":"Vi skapar framtidens samh\u00e4llen","potentialAction":[{"@type":"SearchAction","target":{"@type":"EntryPoint","urlTemplate":"https:\/\/olasernekeab.se\/?s={search_term_string}"},"query-input":{"@type":"PropertyValueSpecification","valueRequired":true,"valueName":"search_term_string"}}],"inLanguage":"en-US"}]}},"_links":{"self":[{"href":"https:\/\/olasernekeab.se\/index.php?rest_route=\/wp\/v2\/pages\/644","targetHints":{"allow":["GET"]}}],"collection":[{"href":"https:\/\/olasernekeab.se\/index.php?rest_route=\/wp\/v2\/pages"}],"about":[{"href":"https:\/\/olasernekeab.se\/index.php?rest_route=\/wp\/v2\/types\/page"}],"author":[{"embeddable":true,"href":"https:\/\/olasernekeab.se\/index.php?rest_route=\/wp\/v2\/users\/2"}],"replies":[{"embeddable":true,"href":"https:\/\/olasernekeab.se\/index.php?rest_route=%2Fwp%2Fv2%2Fcomments&post=644"}],"version-history":[{"count":133,"href":"https:\/\/olasernekeab.se\/index.php?rest_route=\/wp\/v2\/pages\/644\/revisions"}],"predecessor-version":[{"id":1150,"href":"https:\/\/olasernekeab.se\/index.php?rest_route=\/wp\/v2\/pages\/644\/revisions\/1150"}],"wp:attachment":[{"href":"https:\/\/olasernekeab.se\/index.php?rest_route=%2Fwp%2Fv2%2Fmedia&parent=644"}],"curies":[{"name":"wp","href":"https:\/\/api.w.org\/{rel}","templated":true}]}}