{"id":646,"date":"2024-06-04T12:08:54","date_gmt":"2024-06-04T12:08:54","guid":{"rendered":"https:\/\/olasernekeab.se\/?page_id=646"},"modified":"2025-04-30T11:58:42","modified_gmt":"2025-04-30T11:58:42","slug":"dotterbolag","status":"publish","type":"page","link":"https:\/\/olasernekeab.se\/?page_id=646","title":{"rendered":"Dotterbolag"},"content":{"rendered":"<p>[et_pb_section fb_built=&#8221;1&#8243; fullwidth=&#8221;on&#8221; _builder_version=&#8221;4.25.1&#8243; _module_preset=&#8221;default&#8221; custom_margin=&#8221;-82px||||false|false&#8221; global_colors_info=&#8221;{}&#8221;][et_pb_fullwidth_header text_orientation=&#8221;center&#8221; _builder_version=&#8221;4.25.1&#8243; _module_preset=&#8221;default&#8221; title_font=&#8221;Lexend|600|||||||&#8221; title_font_size=&#8221;42px&#8221; content_font=&#8221;Lexend|&#8211;et_global_body_font_weight|||||||&#8221; content_font_size=&#8221;18px&#8221; background_color=&#8221;RGBA(255,255,255,0)&#8221; use_background_color_gradient=&#8221;on&#8221; background_color_gradient_stops=&#8221;rgba(1,25,56,0.67) 0%|rgba(20,67,103,0.29) 99%&#8221; background_color_gradient_overlays_image=&#8221;on&#8221; background_image=&#8221;https:\/\/olasernekeab.se\/wp-content\/uploads\/2025\/04\/Centrum_rendering_adj.jpg&#8221; min_height=&#8221;450px&#8221; height=&#8221;450px&#8221; max_height=&#8221;450px&#8221; custom_padding=&#8221;123px||123px||true|false&#8221; custom_padding_tablet=&#8221;|0px||0px|true|false&#8221; custom_padding_phone=&#8221;|0px||0px|true|false&#8221; custom_padding_last_edited=&#8221;on|phone&#8221; global_colors_info=&#8221;{}&#8221;][\/et_pb_fullwidth_header][\/et_pb_section][et_pb_section fb_built=&#8221;1&#8243; custom_padding_last_edited=&#8221;on|desktop&#8221; _builder_version=&#8221;4.25.1&#8243; _module_preset=&#8221;default&#8221; background_color=&#8221;#FFFFFF&#8221; custom_padding=&#8221;44px||44px||true|false&#8221; custom_padding_tablet=&#8221;3px||3px||true|false&#8221; custom_padding_phone=&#8221;22px||22px||true|false&#8221; locked=&#8221;off&#8221; global_colors_info=&#8221;{}&#8221;][et_pb_row custom_padding_last_edited=&#8221;on|phone&#8221; _builder_version=&#8221;4.25.1&#8243; _module_preset=&#8221;default&#8221; width=&#8221;65%&#8221; width_tablet=&#8221;90%&#8221; width_phone=&#8221;90%&#8221; width_last_edited=&#8221;on|tablet&#8221; custom_margin_tablet=&#8221;&#8221; custom_margin_phone=&#8221;0px||||false|false&#8221; custom_margin_last_edited=&#8221;on|phone&#8221; custom_padding_tablet=&#8221;&#8221; custom_padding_phone=&#8221;0px||||false|false&#8221; global_colors_info=&#8221;{}&#8221;][et_pb_column type=&#8221;4_4&#8243; _builder_version=&#8221;4.25.1&#8243; _module_preset=&#8221;default&#8221; global_colors_info=&#8221;{}&#8221;][et_pb_text _builder_version=&#8221;4.25.1&#8243; _module_preset=&#8221;f65ba2f1-d270-42a4-8b75-2746780cbd66&#8243; header_2_font=&#8221;|&#8211;et_global_heading_font_weight|||||||&#8221; custom_padding_tablet=&#8221;&#8221; custom_padding_phone=&#8221;0px||6px||false|false&#8221; custom_padding_last_edited=&#8221;on|phone&#8221; global_colors_info=&#8221;{}&#8221;]<\/p>\n<h1 style=\"text-align: center;\">Dotterbolag<\/h1>\n<p>[\/et_pb_text][et_pb_text _builder_version=&#8221;4.25.1&#8243; _module_preset=&#8221;e66c9dd4-91aa-4d61-ba64-5efa1209dfc0&#8243; text_font_size=&#8221;17px&#8221; text_orientation=&#8221;center&#8221; custom_margin=&#8221;-6px||-1px|||&#8221; custom_margin_tablet=&#8221;-6px|||||&#8221; custom_margin_phone=&#8221;-6px|||||&#8221; custom_padding=&#8221;0px|4%|0px|4%|false|true&#8221; text_font_size_tablet=&#8221;17px&#8221; text_font_size_phone=&#8221;17px&#8221; text_font_size_last_edited=&#8221;on|phone&#8221; global_colors_info=&#8221;{}&#8221;]<\/p>\n<p data-start=\"180\" data-end=\"421\" class=\"\">V\u00e5ra dotterbolag utg\u00f6r en viktig del av v\u00e5r verksamhet och st\u00e4rker v\u00e5rt erbjudande inom projektutveckling och bygg. Genom n\u00e4ra samarbete och ett gemensamt kvalitetst\u00e4nk arbetar vi tillsammans f\u00f6r att skapa l\u00e5ngsiktiga och h\u00e5llbara l\u00f6sningar.<\/p>\n<p data-start=\"423\" data-end=\"555\" class=\"\">Varje dotterbolag har sin unika kompetens, men delar v\u00e5r vision om att f\u00f6rena funktion, estetik och aff\u00e4rsm\u00e4ssighet i varje projekt.<\/p>\n<p data-start=\"557\" data-end=\"616\" class=\"\"><strong data-start=\"557\" data-end=\"616\">Tillsammans skapar vi v\u00e4rde \u2013 fr\u00e5n id\u00e9 till verklighet.<\/strong><\/p>\n<p>[\/et_pb_text][\/et_pb_column][\/et_pb_row][\/et_pb_section][et_pb_section fb_built=&#8221;1&#8243; _builder_version=&#8221;4.25.1&#8243; _module_preset=&#8221;default&#8221; background_color=&#8221;#fcfbf9&#8243; custom_padding=&#8221;36px|||||&#8221; global_colors_info=&#8221;{}&#8221;][et_pb_row column_structure=&#8221;1_3,1_3,1_3&#8243; use_custom_gutter=&#8221;on&#8221; gutter_width=&#8221;2&#8243; make_equal=&#8221;on&#8221; _builder_version=&#8221;4.25.1&#8243; _module_preset=&#8221;default&#8221; background_color=&#8221;#FFFFFF&#8221; width_tablet=&#8221;90%&#8221; width_phone=&#8221;90%&#8221; width_last_edited=&#8221;on|desktop&#8221; custom_padding=&#8221;16px|16px|16px|16px|true|true&#8221; global_colors_info=&#8221;{}&#8221;][et_pb_column type=&#8221;1_3&#8243; _builder_version=&#8221;4.25.1&#8243; _module_preset=&#8221;default&#8221; global_colors_info=&#8221;{}&#8221;][et_pb_blurb title=&#8221;7H Bil&#8221; image_icon_background_color=&#8221;RGBA(255,255,255,0)&#8221; _builder_version=&#8221;4.25.1&#8243; _module_preset=&#8221;default&#8221; header_font=&#8221;Lexend|600||on|||||&#8221; body_font_size=&#8221;17px&#8221; use_background_color_gradient=&#8221;on&#8221; background_color_gradient_stops=&#8221;rgba(20,67,103,0.59) 0%|rgba(47,47,48,0.52) 100%&#8221; background_color_gradient_overlays_image=&#8221;on&#8221; background_image=&#8221;https:\/\/olasernekeab.se\/wp-content\/uploads\/2024\/06\/erik-mclean-ZRns2R5azu0-unsplash-scaled.jpg&#8221; text_orientation=&#8221;center&#8221; background_layout=&#8221;dark&#8221; custom_padding=&#8221;124px|0px|124px|0px|true|true&#8221; child_mix_blend_mode=&#8221;darken&#8221; border_radii_image=&#8221;on|2px|2px|2px|2px&#8221; global_colors_info=&#8221;{}&#8221;][\/et_pb_blurb][et_pb_text _builder_version=&#8221;4.25.1&#8243; _module_preset=&#8221;e66c9dd4-91aa-4d61-ba64-5efa1209dfc0&#8243; global_colors_info=&#8221;{}&#8221;]<\/p>\n<p style=\"text-align: left;\"><strong>7H Bil<\/strong><br \/><em>Med bilen som livsstil<\/em><\/p>\n<p style=\"text-align: left;\">Redan 2002 best\u00e4mde vi oss f\u00f6r att leverera unika, h\u00f6gpresterande premiumbilar till m\u00e4nniskor med bilen som livsstil. Sedan dess har tusentals noggrant utvalda bilar hittat nya \u00e4gare \u00f6ver hela Sverige, ja ocks\u00e5 \u00e4gare utanf\u00f6r landets gr\u00e4nser. 7H Bil har blivit ett begrepp som vi stolt v\u00e5rdar och bevarar. Precis som du g\u00f6r med din \u00f6gonsten.<\/p>\n<p style=\"text-align: left;\"><a href=\"https:\/\/7hbil.se\" target=\"_blank\" rel=\"noopener\">L\u00e4s mer h\u00e4r\u00a0<\/a><\/p>\n<p>[\/et_pb_text][\/et_pb_column][et_pb_column type=&#8221;1_3&#8243; _builder_version=&#8221;4.25.1&#8243; _module_preset=&#8221;default&#8221; global_colors_info=&#8221;{}&#8221;][et_pb_blurb title=&#8221;Conpol Sweden SP&#8221; image_icon_background_color=&#8221;RGBA(255,255,255,0)&#8221; _builder_version=&#8221;4.25.1&#8243; _module_preset=&#8221;default&#8221; header_font=&#8221;Lexend|600||on|||||&#8221; body_font_size=&#8221;17px&#8221; use_background_color_gradient=&#8221;on&#8221; background_color_gradient_stops=&#8221;rgba(20,67,103,0.59) 0%|rgba(47,47,48,0.52) 100%&#8221; background_color_gradient_overlays_image=&#8221;on&#8221; background_image=&#8221;https:\/\/olasernekeab.se\/wp-content\/uploads\/2025\/04\/KDkarlatornet_240125_D_17051-scaled.jpg&#8221; text_orientation=&#8221;center&#8221; background_layout=&#8221;dark&#8221; custom_padding=&#8221;124px|0px|124px|0px|true|true&#8221; child_mix_blend_mode=&#8221;darken&#8221; border_radii_image=&#8221;on|2px|2px|2px|2px&#8221; global_colors_info=&#8221;{}&#8221;][\/et_pb_blurb][et_pb_text _builder_version=&#8221;4.25.1&#8243; _module_preset=&#8221;e66c9dd4-91aa-4d61-ba64-5efa1209dfc0&#8243; global_colors_info=&#8221;{}&#8221;]<\/p>\n<p><strong>Conpol Sweden SP<br \/><\/strong>Vi \u00e4ger ett st\u00f6rre landomr\u00e5de i Polen, n\u00e4ra Szczecin, d\u00e4r vi utvecklar en industripark kallat Swedish Industrial Center (SIC).<\/p>\n<p>[\/et_pb_text][\/et_pb_column][et_pb_column type=&#8221;1_3&#8243; _builder_version=&#8221;4.25.1&#8243; _module_preset=&#8221;default&#8221; global_colors_info=&#8221;{}&#8221;][et_pb_blurb title=&#8221;Dear Friends,&#8221; image_icon_background_color=&#8221;RGBA(255,255,255,0)&#8221; _builder_version=&#8221;4.25.1&#8243; _module_preset=&#8221;default&#8221; header_font=&#8221;Lexend|600||on|||||&#8221; body_font_size=&#8221;17px&#8221; use_background_color_gradient=&#8221;on&#8221; background_color_gradient_stops=&#8221;rgba(20,67,103,0.59) 0%|rgba(47,47,48,0.52) 100%&#8221; background_color_gradient_overlays_image=&#8221;on&#8221; background_image=&#8221;https:\/\/olasernekeab.se\/wp-content\/uploads\/2024\/06\/priscilla-du-preez-nF8xhLMmg0c-unsplash-scaled.jpg&#8221; text_orientation=&#8221;center&#8221; background_layout=&#8221;dark&#8221; custom_padding=&#8221;124px|0px|124px|0px|true|true&#8221; child_mix_blend_mode=&#8221;darken&#8221; border_radii_image=&#8221;on|2px|2px|2px|2px&#8221; global_colors_info=&#8221;{}&#8221;][\/et_pb_blurb][et_pb_text _builder_version=&#8221;4.25.1&#8243; _module_preset=&#8221;e66c9dd4-91aa-4d61-ba64-5efa1209dfc0&#8243; text_line_height=&#8221;1.5em&#8221; global_colors_info=&#8221;{}&#8221;]<\/p>\n<p><b>Dear friends,<br \/><\/b><em>A true friend tells you what you need to hear, not what you want to hear<\/em><\/p>\n<p>Dear Friends \u00e4r en id\u00e9driven fullservicebyr\u00e5 baserad i G\u00f6teborg. Vi hj\u00e4lper v\u00e5ra kunder att oms\u00e4tta strategiska och taktiska aff\u00e4rsm\u00e5l till kreativa och effektiva l\u00f6sningar. V\u00e5ra experter r\u00f6r sig s\u00f6ml\u00f6st mellan strategisk varum\u00e4rkesutveckling, kreativ reklam, digitala upplevelser och engagerande inneh\u00e5ll inom B2C, B2B och Life Science.<\/p>\n<p><a href=\"https:\/\/dearfriends.se\/\" target=\"_blank\" rel=\"noopener\">L\u00e4s mer h\u00e4r\u00a0<\/a><\/p>\n<p>[\/et_pb_text][\/et_pb_column][\/et_pb_row][et_pb_row column_structure=&#8221;1_3,1_3,1_3&#8243; use_custom_gutter=&#8221;on&#8221; gutter_width=&#8221;2&#8243; make_equal=&#8221;on&#8221; _builder_version=&#8221;4.25.1&#8243; _module_preset=&#8221;default&#8221; background_color=&#8221;#FFFFFF&#8221; width_tablet=&#8221;90%&#8221; width_phone=&#8221;90%&#8221; width_last_edited=&#8221;on|desktop&#8221; custom_padding=&#8221;16px|16px|16px|16px|true|true&#8221; global_colors_info=&#8221;{}&#8221;][et_pb_column type=&#8221;1_3&#8243; _builder_version=&#8221;4.25.1&#8243; _module_preset=&#8221;default&#8221; global_colors_info=&#8221;{}&#8221;][et_pb_blurb title=&#8221;Fastighetsf\u00f6rvaltning&#8221; image_icon_background_color=&#8221;RGBA(255,255,255,0)&#8221; _builder_version=&#8221;4.25.1&#8243; _module_preset=&#8221;default&#8221; header_font=&#8221;Lexend|600||on|||||&#8221; body_font_size=&#8221;17px&#8221; use_background_color_gradient=&#8221;on&#8221; background_color_gradient_stops=&#8221;rgba(20,67,103,0.59) 0%|rgba(47,47,48,0.52) 100%&#8221; background_color_gradient_overlays_image=&#8221;on&#8221; background_image=&#8221;https:\/\/olasernekeab.se\/wp-content\/uploads\/2024\/05\/lei-jiang-csPvbh_E1uc-unsplash-scaled.jpg&#8221; text_orientation=&#8221;center&#8221; background_layout=&#8221;dark&#8221; custom_padding=&#8221;124px|0px|124px|0px|true|true&#8221; child_mix_blend_mode=&#8221;darken&#8221; border_radii_image=&#8221;on|2px|2px|2px|2px&#8221; global_colors_info=&#8221;{}&#8221;][\/et_pb_blurb][et_pb_text _builder_version=&#8221;4.25.1&#8243; _module_preset=&#8221;e66c9dd4-91aa-4d61-ba64-5efa1209dfc0&#8243; custom_margin=&#8221;-6px||14px|||&#8221; custom_padding=&#8221;||0px|||&#8221; global_colors_info=&#8221;{}&#8221;]<\/p>\n<p><strong>Fastighetsf\u00f6rvaltning<br \/><\/strong><span>Ola Serneke AB \u00e4ger och f\u00f6rvaltar, ut\u00f6ver sin huvudsakliga verksamhet, \u00e4ven en portf\u00f6lj av fastigheter genom ett antal separata bolag. Dessa fastigheter omfattar kontorslokaler, f\u00f6rskolor, industrifastigheter samt andra typer av lokaler och \u00e4r bel\u00e4gna i bland annat Trollh\u00e4ttan, Kinna och Alings\u00e5s. Genom denna verksamhet st\u00e4rker koncernen sin n\u00e4rvaro p\u00e5 den v\u00e4stsvenska fastighetsmarknaden och bidrar samtidigt till lokal samh\u00e4llsutveckling genom att tillhandah\u00e5lla funktionella och \u00e4ndam\u00e5lsenliga lokaler f\u00f6r b\u00e5de n\u00e4ringsliv och offentlig verksamhet.<\/span><\/p>\n<p>[\/et_pb_text][\/et_pb_column][et_pb_column type=&#8221;1_3&#8243; _builder_version=&#8221;4.25.1&#8243; _module_preset=&#8221;default&#8221; global_colors_info=&#8221;{}&#8221;][et_pb_blurb title=&#8221;Fj\u00e4terv\u00e5len&#8221; image_icon_background_color=&#8221;RGBA(255,255,255,0)&#8221; _builder_version=&#8221;4.25.1&#8243; _module_preset=&#8221;default&#8221; header_font=&#8221;Lexend|600||on|||||&#8221; body_font_size=&#8221;17px&#8221; use_background_color_gradient=&#8221;on&#8221; background_color_gradient_stops=&#8221;rgba(20,67,103,0.59) 0%|rgba(47,47,48,0.52) 100%&#8221; background_color_gradient_overlays_image=&#8221;on&#8221; background_image=&#8221;https:\/\/olasernekeab.se\/wp-content\/uploads\/2025\/04\/ant-rozetsky-H9m6mfeeakU-unsplash-scaled.jpg&#8221; text_orientation=&#8221;center&#8221; background_layout=&#8221;dark&#8221; custom_padding=&#8221;124px|0px|124px|0px|true|true&#8221; child_mix_blend_mode=&#8221;darken&#8221; border_radii_image=&#8221;on|2px|2px|2px|2px&#8221; global_colors_info=&#8221;{}&#8221;][\/et_pb_blurb][et_pb_text _builder_version=&#8221;4.25.1&#8243; _module_preset=&#8221;e66c9dd4-91aa-4d61-ba64-5efa1209dfc0&#8243; custom_margin=&#8221;-6px||14px|||&#8221; custom_padding=&#8221;||0px|||&#8221; global_colors_info=&#8221;{}&#8221;]<\/p>\n<p><strong>Fj\u00e4terv\u00e5len<br \/><\/strong><em>Dalarnas b\u00e4sta skid\u00e5kning. Familj\u00e4r st\u00e4mning och inga k\u00f6er.\u00a0<\/em><\/p>\n<p data-start=\"77\" data-end=\"467\" class=\"\">Fj\u00e4terv\u00e5len \u00e4r en skidanl\u00e4ggning med stor utvecklingspotential inom b\u00e5de l\u00e4ngd och alpin skid\u00e5kning. Nu planeras ett nytt omr\u00e5de med 5 500 b\u00e4ddar, sittlift, toppstuga och centrumanl\u00e4ggning med lodge, butik, restauranger och skidservice. M\u00e5let \u00e4r att skapa Nordens mest klimatsmarta fj\u00e4lldestination i samklang med natur och renn\u00e4ring. Byggstart f\u00f6r sittliften planeras till h\u00f6sten 2025.<\/p>\n<p data-start=\"77\" data-end=\"467\" class=\"\"><a href=\"https:\/\/fjatervalen.se\/\" target=\"_blank\" rel=\"noopener\">L\u00e4s mer h\u00e4r\u00a0<\/a><\/p>\n<p>[\/et_pb_text][\/et_pb_column][et_pb_column type=&#8221;1_3&#8243; _builder_version=&#8221;4.25.1&#8243; _module_preset=&#8221;default&#8221; global_colors_info=&#8221;{}&#8221;][et_pb_blurb title=&#8221;Good to Great&#8221; image_icon_background_color=&#8221;RGBA(255,255,255,0)&#8221; _builder_version=&#8221;4.25.1&#8243; _module_preset=&#8221;default&#8221; header_font=&#8221;Lexend|600||on|||||&#8221; body_font_size=&#8221;17px&#8221; use_background_color_gradient=&#8221;on&#8221; background_color_gradient_stops=&#8221;rgba(20,67,103,0.59) 0%|rgba(47,47,48,0.52) 100%&#8221; background_color_gradient_overlays_image=&#8221;on&#8221; background_image=&#8221;https:\/\/olasernekeab.se\/wp-content\/uploads\/2025\/04\/john-fornander-4R9CcBdQTEg-unsplash-scaled.jpg&#8221; text_orientation=&#8221;center&#8221; background_layout=&#8221;dark&#8221; custom_padding=&#8221;124px|0px|124px|0px|true|true&#8221; child_mix_blend_mode=&#8221;darken&#8221; border_radii_image=&#8221;on|2px|2px|2px|2px&#8221; global_colors_info=&#8221;{}&#8221;][\/et_pb_blurb][et_pb_text _builder_version=&#8221;4.25.1&#8243; _module_preset=&#8221;e66c9dd4-91aa-4d61-ba64-5efa1209dfc0&#8243; height=&#8221;283px&#8221; custom_margin=&#8221;-6px||14px|||&#8221; global_colors_info=&#8221;{}&#8221;]<\/p>\n<p><strong>Good to Great<br \/><\/strong>Good to Great \u00e4r en\u00a0<strong>tennisakademi<\/strong>\u00a0i Danderyd utanf\u00f6r Stockholm. Akademin \u00f6ppnades 2011 och har 2014 35 unga tennisspelare fr\u00e5n hela landet. Initialt verkade akademin i SALK-hallen i Bromma utanf\u00f6r Stockholm men bedriver sedan 2014 verksamheten i J\u00e4rf\u00e4lla.<\/p>\n<p><a href=\"https:\/\/www.goodtogreat.se\/\" target=\"_blank\" rel=\"noopener\">L\u00e4s mer h\u00e4r\u00a0<\/a><\/p>\n<p>[\/et_pb_text][\/et_pb_column][\/et_pb_row][et_pb_row column_structure=&#8221;1_3,1_3,1_3&#8243; use_custom_gutter=&#8221;on&#8221; gutter_width=&#8221;2&#8243; make_equal=&#8221;on&#8221; _builder_version=&#8221;4.25.1&#8243; _module_preset=&#8221;default&#8221; background_color=&#8221;#FFFFFF&#8221; width_tablet=&#8221;90%&#8221; width_phone=&#8221;90%&#8221; width_last_edited=&#8221;on|desktop&#8221; custom_padding=&#8221;16px|16px|16px|16px|true|true&#8221; global_colors_info=&#8221;{}&#8221;][et_pb_column type=&#8221;1_3&#8243; _builder_version=&#8221;4.25.1&#8243; _module_preset=&#8221;default&#8221; global_colors_info=&#8221;{}&#8221;][et_pb_blurb title=&#8221;Lokverkstan Eventarena &#8221; image_icon_background_color=&#8221;RGBA(255,255,255,0)&#8221; _builder_version=&#8221;4.25.1&#8243; _module_preset=&#8221;default&#8221; header_font=&#8221;Lexend|600||on|||||&#8221; body_font_size=&#8221;17px&#8221; use_background_color_gradient=&#8221;on&#8221; background_color_gradient_stops=&#8221;rgba(20,67,103,0.59) 0%|rgba(47,47,48,0.52) 100%&#8221; background_color_gradient_overlays_image=&#8221;on&#8221; background_image=&#8221;https:\/\/olasernekeab.se\/wp-content\/uploads\/2025\/04\/john-price-RAZQiZOX3mU-unsplash-scaled.jpg&#8221; text_orientation=&#8221;center&#8221; background_layout=&#8221;dark&#8221; custom_padding=&#8221;124px|0px|124px|0px|true|true&#8221; child_mix_blend_mode=&#8221;darken&#8221; border_radii_image=&#8221;on|2px|2px|2px|2px&#8221; global_colors_info=&#8221;{}&#8221;][\/et_pb_blurb][et_pb_text _builder_version=&#8221;4.25.1&#8243; _module_preset=&#8221;e66c9dd4-91aa-4d61-ba64-5efa1209dfc0&#8243; custom_margin=&#8221;-6px||14px|||&#8221; custom_padding=&#8221;||0px|||&#8221; global_colors_info=&#8221;{}&#8221;]<\/p>\n<p><b>Lokverkstan Eventarena (Serneke Industrial Center)<br \/><\/b>Lokverkstan \u00e4r en del av historiska Gamla Motala Verkstad, grundad 1822 och k\u00e4nd som &#8220;svenska verkstadsindustrins vagga&#8221;. Omr\u00e5det v\u00e4xte snabbt till ett eget samh\u00e4lle med bland annat skola, simhall och teater. \u00c5r 2021 tog Serneke \u00f6ver omr\u00e5det med m\u00e5let att v\u00e4cka nytt liv i det. Lokverkstan blev f\u00f6rsta steget \u2013 och sommaren 2022 \u00f6ppnade den som en modern eventarena.<\/p>\n<p data-start=\"519\" data-end=\"682\" class=\"\">Idag v\u00e4lkomnar Lokverkstan arrang\u00f6rer fr\u00e5n hela Norden.<\/p>\n<p data-start=\"519\" data-end=\"682\" class=\"\"><a href=\"https:\/\/lokv.se\/\" target=\"_blank\" rel=\"noopener\">L\u00e4s mer h\u00e4r\u00a0<\/a><\/p>\n<p>[\/et_pb_text][\/et_pb_column][et_pb_column type=&#8221;1_3&#8243; _builder_version=&#8221;4.25.1&#8243; _module_preset=&#8221;default&#8221; global_colors_info=&#8221;{}&#8221;][et_pb_blurb title=&#8221;Nybergs svets&#8221; image_icon_background_color=&#8221;RGBA(255,255,255,0)&#8221; _builder_version=&#8221;4.25.1&#8243; _module_preset=&#8221;default&#8221; header_font=&#8221;Lexend|600||on|||||&#8221; body_font_size=&#8221;17px&#8221; use_background_color_gradient=&#8221;on&#8221; background_color_gradient_stops=&#8221;rgba(20,67,103,0.59) 0%|rgba(47,47,48,0.52) 100%&#8221; background_color_gradient_overlays_image=&#8221;on&#8221; background_image=&#8221;https:\/\/olasernekeab.se\/wp-content\/uploads\/2024\/06\/christophe-dion-3KA1M16PuoE-unsplash-scaled.jpg&#8221; text_orientation=&#8221;center&#8221; background_layout=&#8221;dark&#8221; custom_padding=&#8221;124px|0px|124px|0px|true|true&#8221; child_mix_blend_mode=&#8221;darken&#8221; border_radii_image=&#8221;on|2px|2px|2px|2px&#8221; global_colors_info=&#8221;{}&#8221;][\/et_pb_blurb][et_pb_text _builder_version=&#8221;4.25.1&#8243; _module_preset=&#8221;e66c9dd4-91aa-4d61-ba64-5efa1209dfc0&#8243; custom_margin=&#8221;-6px||14px|||&#8221; custom_padding=&#8221;||0px|||&#8221; global_colors_info=&#8221;{}&#8221;]<\/p>\n<p><strong>Nybergs svets<br \/><\/strong><em>Skr\u00e4ddarsydda st\u00e5lkonstruktioner &amp; trappor<\/em><\/p>\n<p data-start=\"35\" data-end=\"242\" class=\"\">Nybergs Svets AB grundades 1914 och har sedan dess byggt upp ett starkt rykte f\u00f6r sitt engagemang och sin kompetens \u2013 fr\u00e5n ritning till f\u00e4rdigt projekt. F\u00f6retaget blev privat\u00e4gt i mars 2023 n\u00e4r Ola Serneke, Patrik Wallin och Jesper Korp\u00e5s tog \u00f6ver. Idag satsar vi p\u00e5 att vara en ledande akt\u00f6r inom stomentreprenader i st\u00e5l, med fokus p\u00e5 stora och medelstora byggf\u00f6retag.<\/p>\n<p data-start=\"35\" data-end=\"242\" class=\"\"><a href=\"https:\/\/www.nybergs-svets.se\/\" target=\"_blank\" rel=\"noopener\">L\u00e4s mer h\u00e4r\u00a0<\/a><\/p>\n<p>[\/et_pb_text][\/et_pb_column][et_pb_column type=&#8221;1_3&#8243; _builder_version=&#8221;4.25.1&#8243; _module_preset=&#8221;default&#8221; global_colors_info=&#8221;{}&#8221;][et_pb_blurb title=&#8221;Serneke Construction&#8221; image_icon_background_color=&#8221;RGBA(255,255,255,0)&#8221; _builder_version=&#8221;4.25.1&#8243; _module_preset=&#8221;default&#8221; header_font=&#8221;Lexend|600||on|||||&#8221; body_font_size=&#8221;17px&#8221; use_background_color_gradient=&#8221;on&#8221; background_color_gradient_stops=&#8221;rgba(20,67,103,0.59) 0%|rgba(47,47,48,0.52) 100%&#8221; background_color_gradient_overlays_image=&#8221;on&#8221; background_image=&#8221;https:\/\/olasernekeab.se\/wp-content\/uploads\/2024\/05\/lei-jiang-csPvbh_E1uc-unsplash-scaled.jpg&#8221; text_orientation=&#8221;center&#8221; background_layout=&#8221;dark&#8221; custom_padding=&#8221;124px|0px|124px|0px|true|true&#8221; child_mix_blend_mode=&#8221;darken&#8221; border_radii_image=&#8221;on|2px|2px|2px|2px&#8221; global_colors_info=&#8221;{}&#8221;][\/et_pb_blurb][et_pb_text _builder_version=&#8221;4.25.1&#8243; _module_preset=&#8221;e66c9dd4-91aa-4d61-ba64-5efa1209dfc0&#8243; custom_margin=&#8221;-6px||14px|||&#8221; custom_padding=&#8221;||0px|||&#8221; global_colors_info=&#8221;{}&#8221;]<\/p>\n<p><strong>Serneke Construction<br \/><\/strong><em>Vi levererar h\u00e5llbara och h\u00f6gkvalitativa byggl\u00f6sningar som formar framtidens samh\u00e4lle.<\/em><\/p>\n<p>Vi kombinerar erfarenhet med en passion f\u00f6r innovation och h\u00e5llbarhet. Vi arbetar tillsammans f\u00f6r att leverera byggprojekt som inte bara uppfyller utan ocks\u00e5 \u00f6vertr\u00e4ffar v\u00e5ra kunders f\u00f6rv\u00e4ntningar.<\/p>\n<p>[\/et_pb_text][\/et_pb_column][\/et_pb_row][et_pb_row column_structure=&#8221;1_3,1_3,1_3&#8243; use_custom_gutter=&#8221;on&#8221; gutter_width=&#8221;2&#8243; make_equal=&#8221;on&#8221; _builder_version=&#8221;4.25.1&#8243; _module_preset=&#8221;default&#8221; background_color=&#8221;#FFFFFF&#8221; width_tablet=&#8221;90%&#8221; width_phone=&#8221;90%&#8221; width_last_edited=&#8221;on|desktop&#8221; custom_padding=&#8221;16px|16px|16px|16px|true|true&#8221; global_colors_info=&#8221;{}&#8221;][et_pb_column type=&#8221;1_3&#8243; _builder_version=&#8221;4.25.1&#8243; _module_preset=&#8221;default&#8221; global_colors_info=&#8221;{}&#8221;][et_pb_blurb title=&#8221;Serneke Hybrid Ski&#8221; image_icon_background_color=&#8221;RGBA(255,255,255,0)&#8221; _builder_version=&#8221;4.25.1&#8243; _module_preset=&#8221;default&#8221; header_font=&#8221;Lexend|600||on|||||&#8221; body_font_size=&#8221;17px&#8221; use_background_color_gradient=&#8221;on&#8221; background_color_gradient_stops=&#8221;rgba(20,67,103,0.59) 0%|rgba(47,47,48,0.52) 100%&#8221; background_color_gradient_overlays_image=&#8221;on&#8221; background_image=&#8221;https:\/\/olasernekeab.se\/wp-content\/uploads\/2025\/04\/ben-koorengevel-QtyErb_h4PU-unsplash-scaled.jpg&#8221; text_orientation=&#8221;center&#8221; background_layout=&#8221;dark&#8221; custom_padding=&#8221;124px|0px|124px|0px|true|true&#8221; child_mix_blend_mode=&#8221;darken&#8221; border_radii_image=&#8221;on|2px|2px|2px|2px&#8221; global_colors_info=&#8221;{}&#8221;][\/et_pb_blurb][et_pb_text _builder_version=&#8221;4.25.1&#8243; _module_preset=&#8221;e66c9dd4-91aa-4d61-ba64-5efa1209dfc0&#8243; custom_margin=&#8221;-6px||14px|||&#8221; custom_padding=&#8221;||0px|||&#8221; global_colors_info=&#8221;{}&#8221;]<\/p>\n<p><b><strong>Serneke Hybridski<br \/><\/strong><\/b><span style=\"font-size: 16px;\">Serneke Hybridski innehar ett unikt skidpatent baserat p\u00e5 en innovativ teknik d\u00e4r v\u00e4rme anv\u00e4nds f\u00f6r att f\u00f6rb\u00e4ttra skidans glidf\u00f6rm\u00e5ga. Ett integrerat batteri f\u00f6rser skidan med str\u00f6m som i sin tur v\u00e4rmer upp en tunn film placerad mellan skidans stomme och belag. Denna v\u00e4rme minskar friktionen mot sn\u00f6n, vilket ger ett \u00f6verl\u00e4gset glid j\u00e4mf\u00f6rt med traditionella skidor som kr\u00e4ver valla. Tekniken m\u00f6jligg\u00f6r inte bara en j\u00e4mf\u00f6rbar eller f\u00f6rb\u00e4ttrad skidupplevelse utan minskar \u00e4ven milj\u00f6p\u00e5verkan genom att eliminera behovet av vallaprodukter. F\u00f6r skid\u00e5karen inneb\u00e4r det dessutom mindre tid f\u00f6r f\u00f6rberedelser och mer tid i sp\u00e5ret \u2013 med samma prestanda.<\/span><\/p>\n<p>[\/et_pb_text][\/et_pb_column][et_pb_column type=&#8221;1_3&#8243; _builder_version=&#8221;4.25.1&#8243; _module_preset=&#8221;default&#8221; global_colors_info=&#8221;{}&#8221;][et_pb_blurb title=&#8221;Tallhyddan&#8221; image_icon_background_color=&#8221;RGBA(255,255,255,0)&#8221; _builder_version=&#8221;4.25.1&#8243; _module_preset=&#8221;default&#8221; header_font=&#8221;Lexend|600||on|||||&#8221; body_font_size=&#8221;17px&#8221; use_background_color_gradient=&#8221;on&#8221; background_color_gradient_stops=&#8221;rgba(20,67,103,0.59) 0%|rgba(47,47,48,0.52) 100%&#8221; background_color_gradient_overlays_image=&#8221;on&#8221; background_image=&#8221;https:\/\/olasernekeab.se\/wp-content\/uploads\/2025\/04\/markus-spiske-gswXaXWJFpE-unsplash-scaled.jpg&#8221; text_orientation=&#8221;center&#8221; background_layout=&#8221;dark&#8221; custom_padding=&#8221;124px|0px|124px|0px|true|true&#8221; child_mix_blend_mode=&#8221;darken&#8221; border_radii_image=&#8221;on|2px|2px|2px|2px&#8221; global_colors_info=&#8221;{}&#8221;][\/et_pb_blurb][et_pb_text _builder_version=&#8221;4.25.1&#8243; _module_preset=&#8221;e66c9dd4-91aa-4d61-ba64-5efa1209dfc0&#8243; custom_margin=&#8221;-6px||14px|||&#8221; custom_padding=&#8221;||0px|||&#8221; global_colors_info=&#8221;{}&#8221;]<\/p>\n<p><b><strong>Tallhyddan<br \/><\/strong><\/b><em>Caf\u00e9 &amp; minigolf p\u00e5 b\u00e4sta l\u00e4ge vid Mj\u00f6rn.<\/em><\/p>\n<p data-start=\"227\" data-end=\"492\" class=\"\">Tallhyddan \u00e4r en framtida destination i hj\u00e4rtat av Nolhaga park i Alings\u00e5s, d\u00e4r sekelskiftescharm m\u00f6ter modern rekreation. Visionen \u00e4r att skapa en levande plats f\u00f6r vila, gemenskap och upplevelser \u2013 med kurbad, hotell, restaurang, kaf\u00e9 och natursk\u00f6na utemilj\u00f6er.<\/p>\n<p><em><\/em><\/p>\n<p>[\/et_pb_text][\/et_pb_column][et_pb_column type=&#8221;1_3&#8243; _builder_version=&#8221;4.25.1&#8243; _module_preset=&#8221;default&#8221; global_colors_info=&#8221;{}&#8221;][et_pb_blurb title=&#8221;\u00c4nglag\u00e5rden Fastighetsutveckling &#8221; image_icon_background_color=&#8221;RGBA(255,255,255,0)&#8221; content_max_width=&#8221;300px&#8221; _builder_version=&#8221;4.25.1&#8243; _module_preset=&#8221;default&#8221; header_font=&#8221;Lexend|600||on|||||&#8221; body_font_size=&#8221;11px&#8221; use_background_color_gradient=&#8221;on&#8221; background_color_gradient_stops=&#8221;rgba(20,67,103,0.59) 0%|rgba(47,47,48,0.52) 100%&#8221; background_color_gradient_overlays_image=&#8221;on&#8221; background_image=&#8221;https:\/\/olasernekeab.se\/wp-content\/uploads\/2025\/04\/ant-rozetsky-H9m6mfeeakU-unsplash-scaled.jpg&#8221; text_orientation=&#8221;center&#8221; background_layout=&#8221;dark&#8221; min_height=&#8221;278px&#8221; height=&#8221;100px&#8221; custom_padding=&#8221;116px|0px|116px|0px|true|true&#8221; child_mix_blend_mode=&#8221;darken&#8221; border_radii_image=&#8221;on|2px|2px|2px|2px&#8221; global_colors_info=&#8221;{}&#8221;][\/et_pb_blurb][et_pb_text _builder_version=&#8221;4.27.4&#8243; _module_preset=&#8221;e66c9dd4-91aa-4d61-ba64-5efa1209dfc0&#8243; custom_margin=&#8221;-6px||14px|||&#8221; custom_padding=&#8221;||0px|||&#8221; hover_enabled=&#8221;0&#8243; global_colors_info=&#8221;{}&#8221; sticky_enabled=&#8221;0&#8243;]<\/p>\n<p><strong>\u00c4nglag\u00e5rden Fastighetsutveckling<br \/><\/strong><em>Prioritet Serneke Arena, Nordens st\u00f6rsta multisportanl\u00e4ggning.<\/em><\/p>\n<p><span>Nordens st\u00f6rsta multisportanl\u00e4ggning med sju v\u00e5ningar och 45 300 kvadratmeter. Arenan erbjuder handboll, fotboll, l\u00e4ngdskid\u00e5kning, gym, hotell, konferenslokaler, restaurang, bar och kaf\u00e9er. G\u00f6teborgs Stad planerar att utveckla Kvibergs gamla regementsomr\u00e5de till ett attraktivt idrottsomr\u00e5de d\u00e4r arenan \u00e4r en central del. <\/span><\/p>\n<p><span>I k\u00e4llarplanet finns Skidome, en skidhall f\u00f6r b\u00e5de nyb\u00f6rjare och erfarna \u00e5kare, med utrustning tillg\u00e4nglig f\u00f6r uthyrning.<\/span><\/p>\n<p><span><a href=\"https:\/\/www.prioritetsernekearena.se\/\" target=\"_blank\" rel=\"noopener\">L\u00e4s mer h\u00e4r\u00a0<\/a><\/span><\/p>\n<p>[\/et_pb_text][\/et_pb_column][\/et_pb_row][\/et_pb_section]<\/p>\n","protected":false},"excerpt":{"rendered":"<p>DotterbolagV\u00e5ra dotterbolag utg\u00f6r en viktig del av v\u00e5r verksamhet och st\u00e4rker v\u00e5rt erbjudande inom projektutveckling och bygg. Genom n\u00e4ra samarbete och ett gemensamt kvalitetst\u00e4nk arbetar vi tillsammans f\u00f6r att skapa l\u00e5ngsiktiga och h\u00e5llbara l\u00f6sningar. Varje dotterbolag har sin unika kompetens, men delar v\u00e5r vision om att f\u00f6rena funktion, estetik och aff\u00e4rsm\u00e4ssighet i varje projekt. Tillsammans [&hellip;]<\/p>\n","protected":false},"author":2,"featured_media":0,"parent":0,"menu_order":0,"comment_status":"closed","ping_status":"closed","template":"","meta":{"_et_pb_use_builder":"on","_et_pb_old_content":"<!-- wp:divi\/placeholder \/-->","_et_gb_content_width":"","footnotes":""},"class_list":["post-646","page","type-page","status-publish","hentry"],"yoast_head":"<!-- This site is optimized with the Yoast SEO plugin v27.2 - https:\/\/yoast.com\/product\/yoast-seo-wordpress\/ -->\n<title>Dotterbolag - Serneke<\/title>\n<meta name=\"robots\" content=\"index, follow, max-snippet:-1, max-image-preview:large, max-video-preview:-1\" \/>\n<link rel=\"canonical\" href=\"https:\/\/olasernekeab.se\/?page_id=646\" \/>\n<meta property=\"og:locale\" content=\"en_US\" \/>\n<meta property=\"og:type\" content=\"article\" \/>\n<meta property=\"og:title\" content=\"Dotterbolag - Serneke\" \/>\n<meta property=\"og:description\" content=\"DotterbolagV\u00e5ra dotterbolag utg\u00f6r en viktig del av v\u00e5r verksamhet och st\u00e4rker v\u00e5rt erbjudande inom projektutveckling och bygg. Genom n\u00e4ra samarbete och ett gemensamt kvalitetst\u00e4nk arbetar vi tillsammans f\u00f6r att skapa l\u00e5ngsiktiga och h\u00e5llbara l\u00f6sningar. Varje dotterbolag har sin unika kompetens, men delar v\u00e5r vision om att f\u00f6rena funktion, estetik och aff\u00e4rsm\u00e4ssighet i varje projekt. Tillsammans [&hellip;]\" \/>\n<meta property=\"og:url\" content=\"https:\/\/olasernekeab.se\/?page_id=646\" \/>\n<meta property=\"og:site_name\" content=\"Serneke\" \/>\n<meta property=\"article:modified_time\" content=\"2025-04-30T11:58:42+00:00\" \/>\n<meta name=\"twitter:card\" content=\"summary_large_image\" \/>\n<meta name=\"twitter:label1\" content=\"Est. reading time\" \/>\n\t<meta name=\"twitter:data1\" content=\"15 minutes\" \/>\n<script type=\"application\/ld+json\" class=\"yoast-schema-graph\">{\"@context\":\"https:\/\/schema.org\",\"@graph\":[{\"@type\":\"WebPage\",\"@id\":\"https:\/\/olasernekeab.se\/?page_id=646\",\"url\":\"https:\/\/olasernekeab.se\/?page_id=646\",\"name\":\"Dotterbolag - Serneke\",\"isPartOf\":{\"@id\":\"https:\/\/olasernekeab.se\/#website\"},\"datePublished\":\"2024-06-04T12:08:54+00:00\",\"dateModified\":\"2025-04-30T11:58:42+00:00\",\"breadcrumb\":{\"@id\":\"https:\/\/olasernekeab.se\/?page_id=646#breadcrumb\"},\"inLanguage\":\"en-US\",\"potentialAction\":[{\"@type\":\"ReadAction\",\"target\":[\"https:\/\/olasernekeab.se\/?page_id=646\"]}]},{\"@type\":\"BreadcrumbList\",\"@id\":\"https:\/\/olasernekeab.se\/?page_id=646#breadcrumb\",\"itemListElement\":[{\"@type\":\"ListItem\",\"position\":1,\"name\":\"Home\",\"item\":\"https:\/\/olasernekeab.se\/\"},{\"@type\":\"ListItem\",\"position\":2,\"name\":\"Dotterbolag\"}]},{\"@type\":\"WebSite\",\"@id\":\"https:\/\/olasernekeab.se\/#website\",\"url\":\"https:\/\/olasernekeab.se\/\",\"name\":\"Serneke\",\"description\":\"Vi skapar framtidens samh\u00e4llen\",\"potentialAction\":[{\"@type\":\"SearchAction\",\"target\":{\"@type\":\"EntryPoint\",\"urlTemplate\":\"https:\/\/olasernekeab.se\/?s={search_term_string}\"},\"query-input\":{\"@type\":\"PropertyValueSpecification\",\"valueRequired\":true,\"valueName\":\"search_term_string\"}}],\"inLanguage\":\"en-US\"}]}<\/script>\n<!-- \/ Yoast SEO plugin. -->","yoast_head_json":{"title":"Dotterbolag - Serneke","robots":{"index":"index","follow":"follow","max-snippet":"max-snippet:-1","max-image-preview":"max-image-preview:large","max-video-preview":"max-video-preview:-1"},"canonical":"https:\/\/olasernekeab.se\/?page_id=646","og_locale":"en_US","og_type":"article","og_title":"Dotterbolag - Serneke","og_description":"DotterbolagV\u00e5ra dotterbolag utg\u00f6r en viktig del av v\u00e5r verksamhet och st\u00e4rker v\u00e5rt erbjudande inom projektutveckling och bygg. Genom n\u00e4ra samarbete och ett gemensamt kvalitetst\u00e4nk arbetar vi tillsammans f\u00f6r att skapa l\u00e5ngsiktiga och h\u00e5llbara l\u00f6sningar. Varje dotterbolag har sin unika kompetens, men delar v\u00e5r vision om att f\u00f6rena funktion, estetik och aff\u00e4rsm\u00e4ssighet i varje projekt. Tillsammans [&hellip;]","og_url":"https:\/\/olasernekeab.se\/?page_id=646","og_site_name":"Serneke","article_modified_time":"2025-04-30T11:58:42+00:00","twitter_card":"summary_large_image","twitter_misc":{"Est. reading time":"15 minutes"},"schema":{"@context":"https:\/\/schema.org","@graph":[{"@type":"WebPage","@id":"https:\/\/olasernekeab.se\/?page_id=646","url":"https:\/\/olasernekeab.se\/?page_id=646","name":"Dotterbolag - Serneke","isPartOf":{"@id":"https:\/\/olasernekeab.se\/#website"},"datePublished":"2024-06-04T12:08:54+00:00","dateModified":"2025-04-30T11:58:42+00:00","breadcrumb":{"@id":"https:\/\/olasernekeab.se\/?page_id=646#breadcrumb"},"inLanguage":"en-US","potentialAction":[{"@type":"ReadAction","target":["https:\/\/olasernekeab.se\/?page_id=646"]}]},{"@type":"BreadcrumbList","@id":"https:\/\/olasernekeab.se\/?page_id=646#breadcrumb","itemListElement":[{"@type":"ListItem","position":1,"name":"Home","item":"https:\/\/olasernekeab.se\/"},{"@type":"ListItem","position":2,"name":"Dotterbolag"}]},{"@type":"WebSite","@id":"https:\/\/olasernekeab.se\/#website","url":"https:\/\/olasernekeab.se\/","name":"Serneke","description":"Vi skapar framtidens samh\u00e4llen","potentialAction":[{"@type":"SearchAction","target":{"@type":"EntryPoint","urlTemplate":"https:\/\/olasernekeab.se\/?s={search_term_string}"},"query-input":{"@type":"PropertyValueSpecification","valueRequired":true,"valueName":"search_term_string"}}],"inLanguage":"en-US"}]}},"_links":{"self":[{"href":"https:\/\/olasernekeab.se\/index.php?rest_route=\/wp\/v2\/pages\/646","targetHints":{"allow":["GET"]}}],"collection":[{"href":"https:\/\/olasernekeab.se\/index.php?rest_route=\/wp\/v2\/pages"}],"about":[{"href":"https:\/\/olasernekeab.se\/index.php?rest_route=\/wp\/v2\/types\/page"}],"author":[{"embeddable":true,"href":"https:\/\/olasernekeab.se\/index.php?rest_route=\/wp\/v2\/users\/2"}],"replies":[{"embeddable":true,"href":"https:\/\/olasernekeab.se\/index.php?rest_route=%2Fwp%2Fv2%2Fcomments&post=646"}],"version-history":[{"count":37,"href":"https:\/\/olasernekeab.se\/index.php?rest_route=\/wp\/v2\/pages\/646\/revisions"}],"predecessor-version":[{"id":1171,"href":"https:\/\/olasernekeab.se\/index.php?rest_route=\/wp\/v2\/pages\/646\/revisions\/1171"}],"wp:attachment":[{"href":"https:\/\/olasernekeab.se\/index.php?rest_route=%2Fwp%2Fv2%2Fmedia&parent=646"}],"curies":[{"name":"wp","href":"https:\/\/api.w.org\/{rel}","templated":true}]}}